{"id":7705,"date":"2020-12-14T13:39:01","date_gmt":"2020-12-14T12:39:01","guid":{"rendered":"https:\/\/oreretaikastola.eus\/familias\/mari-domingiri-bisita\/"},"modified":"2021-12-10T13:56:35","modified_gmt":"2021-12-10T12:56:35","slug":"visita-a-mari-domingi","status":"publish","type":"page","link":"https:\/\/oreretaikastola.eus\/es\/familias\/visita-a-mari-domingi\/","title":{"rendered":"Visita a Mari Domingi"},"content":{"rendered":"<div\nclass=\"orbit\"\nrole=\"region\"\naria-label=\"\"\ndata-orbit\ndata-options=\"pauseOnHover:false; animInFromLeft:fade-in; animInFromRight:fade-in; animOutToLeft:fade-out; animOutToRight:fade-out;\"\ndata-auto-play=\"true\"\ndata-use-m-u-i=\"true\"\n>\n\n  <div class=\"orbit-wrapper\">\n    <ul class=\"orbit-container slider-header fullwidth\">\n      <li class=\"is-active orbit-slide\" style=\"background-image:url(\/app\/uploads\/2020\/12\/Orereta-Ikastola_-Mari-Domingi-bisitak.jpeg);\">\n        <figcaption class=\"orbit-caption\">\n           <h1>Visita a Mari Domingi<\/h1>            <h4>Mari Domingi vendr\u00e1 al Baserri de A\u00f1abitarte \u00a1Venid, venid a verla!<\/h4>         <\/figcaption>\n      <\/li>\n    <\/ul>\n  <\/div>\n\n<\/div>\n\n\n\n<p>Este a\u00f1o por primera vez, Mari Domingi vendr\u00e1 al Baserri de A\u00f1abitarte a contar sus secretos e historias a las y los m\u00e1s peque\u00f1os del pueblo y a sus familias, as\u00ed como a escuchar y recibir los deseos y peticiones de ni\u00f1os\/ni\u00f1as y adultos.<\/p>\n\n\n\n<p>Estar\u00e1 en el Baserri<strong> los d\u00edas 18 y 19 de diciembre<\/strong>. <\/p>\n\n\n\n<p><strong>Para poder cumplir con todas las medidas de seguridad y salud vigentes derivadas del COVID-19, ser\u00e1 necesario seguir <a href=\"https:\/\/oreretaikastola.eus\/es\/familias\/visita-a-mari-domingi\/visita-a-mari-domingi-protocolo-de-salud-y-seguridad\/\">este protocolo<\/a> y concertar cita previa para la visita cumplimentando el cuestionario que est\u00e1 debajo.<\/strong><\/p>\n\n\n\n<p>Animaos a visitar a Mari Domingi, \u00a1est\u00e1 con muchas ganas de veros!<\/p>\n\n\n\n<p class=\"has-text-align-center\"><strong>NO HAY HORAS LIBRES<\/strong><\/p>\n\n\n\n<hr class=\"wp-block-separator\"\/>\n\n\n\n<p><strong><span style=\"color:#a91836\" class=\"has-inline-color\">Nota importante: al realizar la solicitud, aqu\u00ed mismo recibir\u00e9is la confirmaci\u00f3n de que se ha registrado correctamente. Si no la recib\u00eds, es porque alg\u00fan dato no es correcto. Por favor, volved a rellenar el formulario hasta que os aparezca la confirmaci\u00f3n de que la solicitud se ha registrado correctamente.<\/span><\/strong><\/p>\n\n\n","protected":false},"excerpt":{"rendered":"<p>Este a\u00f1o por primera vez, Mari Domingi vendr\u00e1 al Baserri de A\u00f1abitarte a contar sus secretos e historias a las y los m\u00e1s peque\u00f1os del pueblo y a sus familias, as\u00ed como a escuchar y recibir los deseos y peticiones de ni\u00f1os\/ni\u00f1as y adultos. Estar\u00e1 en el Baserri los d\u00edas 18 y 19 de diciembre. &hellip; <a href=\"https:\/\/oreretaikastola.eus\/es\/familias\/visita-a-mari-domingi\/\">Continued<\/a><\/p>\n","protected":false},"author":2,"featured_media":0,"parent":3047,"menu_order":0,"comment_status":"closed","ping_status":"closed","template":"","meta":[],"acf":[],"_links":{"self":[{"href":"https:\/\/oreretaikastola.eus\/es\/wp-json\/wp\/v2\/pages\/7705"}],"collection":[{"href":"https:\/\/oreretaikastola.eus\/es\/wp-json\/wp\/v2\/pages"}],"about":[{"href":"https:\/\/oreretaikastola.eus\/es\/wp-json\/wp\/v2\/types\/page"}],"author":[{"embeddable":true,"href":"https:\/\/oreretaikastola.eus\/es\/wp-json\/wp\/v2\/users\/2"}],"replies":[{"embeddable":true,"href":"https:\/\/oreretaikastola.eus\/es\/wp-json\/wp\/v2\/comments?post=7705"}],"version-history":[{"count":16,"href":"https:\/\/oreretaikastola.eus\/es\/wp-json\/wp\/v2\/pages\/7705\/revisions"}],"predecessor-version":[{"id":21273,"href":"https:\/\/oreretaikastola.eus\/es\/wp-json\/wp\/v2\/pages\/7705\/revisions\/21273"}],"up":[{"embeddable":true,"href":"https:\/\/oreretaikastola.eus\/es\/wp-json\/wp\/v2\/pages\/3047"}],"wp:attachment":[{"href":"https:\/\/oreretaikastola.eus\/es\/wp-json\/wp\/v2\/media?parent=7705"}],"curies":[{"name":"wp","href":"https:\/\/api.w.org\/{rel}","templated":true}]}}