{"id":4427,"date":"2020-07-09T10:01:02","date_gmt":"2020-07-09T10:01:02","guid":{"rendered":"https:\/\/oreretaikastola.eus\/familias\/barne-organoak\/"},"modified":"2025-12-19T11:38:08","modified_gmt":"2025-12-19T10:38:08","slug":"organos-internos","status":"publish","type":"page","link":"https:\/\/oreretaikastola.eus\/es\/familias\/organos-internos\/","title":{"rendered":"\u00d3rganos internos"},"content":{"rendered":"<div\nclass=\"orbit\"\nrole=\"region\"\naria-label=\"\"\ndata-orbit\ndata-options=\"pauseOnHover:false; animInFromLeft:fade-in; animInFromRight:fade-in; animOutToLeft:fade-out; animOutToRight:fade-out;\"\ndata-auto-play=\"true\"\ndata-use-m-u-i=\"true\"\n>\n\n  <div class=\"orbit-wrapper\">\n    <ul class=\"orbit-container slider-header fullwidth\">\n      <li class=\"is-active orbit-slide\" style=\"background-image:url(\/app\/uploads\/2020\/11\/Orereta-Ikastola_barne-organoak.jpg);\">\n        <figcaption class=\"orbit-caption\">\n           <h1>\u00d3rganos internos<\/h1>            <h4>Profesionales y familias trazando el camino de la Ikastola<\/h4>         <\/figcaption>\n      <\/li>\n    <\/ul>\n  <\/div>\n\n<\/div>\n\n\n\n<figure class=\"wp-block-embed is-type-video is-provider-youtube wp-block-embed-youtube wp-embed-aspect-16-9 wp-has-aspect-ratio\"><div class=\"wp-block-embed__wrapper\">\n<div class=\"youtube-embed responsive-embed widescreen\"><iframe loading=\"lazy\" title=\"Zer da Orereta Ikastola? (azpitituluekin)\" width=\"500\" height=\"281\" src=\"https:\/\/www.youtube.com\/embed\/NVKg_IQU-1U?feature=oembed\" frameborder=\"0\" allow=\"accelerometer; autoplay; clipboard-write; encrypted-media; gyroscope; picture-in-picture; web-share\" referrerpolicy=\"strict-origin-when-cross-origin\" allowfullscreen><\/iframe><\/div>\n<\/div><\/figure>\n\n\n\n<div class=\"wp-block-columns is-layout-flex wp-container-5 wp-block-columns-is-layout-flex\">\n<div class=\"wp-block-column is-layout-flow wp-block-column-is-layout-flow\"><\/div>\n\n\n\n<div class=\"wp-block-column is-layout-flow wp-block-column-is-layout-flow\">\n<div class=\"wp-block-buttons is-layout-flex wp-block-buttons-is-layout-flex\">\n<div class=\"wp-block-button has-custom-font-size has-small-font-size\"><a class=\"wp-block-button__link has-background wp-element-button\" href=\"\/app\/uploads\/2023\/06\/Orereta-Ikastola-organigrama-ES.pdf\" style=\"border-radius:10px;background-color:#a91836\">Ver el organigrama de la organizaci\u00f3n interna de la Ikastola<\/a><\/div>\n<\/div>\n<\/div>\n\n\n\n<div class=\"wp-block-column is-layout-flow wp-block-column-is-layout-flow\"><\/div>\n<\/div>\n\n\n\n<div style=\"height:50px\" aria-hidden=\"true\" class=\"wp-block-spacer\"><\/div>\n\n\n\n<hr class=\"wp-block-separator has-css-opacity is-style-default\"\/>\n\n\n<div class=\"grid-x grid-margin-x fix-4-down\">\n  <div class=\"cell medium-3 sticky-container show-for-medium\" data-sticky-container>\n    <div class=\"sticky\" data-sticky data-anchor=\"vertical-content\" data-check-every=\"1\" data-resize data-margin-top=\"6\">\n      <ul class=\"menu vertical text-left\" data-offset=\"130\" data-smooth-scroll>\n                  <li class=\"\">\n            <a class=\"v-content-menu-link\" href=\"#0\">Asamblea General<\/a>\n          <\/li>\n                  <li class=\"\">\n            <a class=\"v-content-menu-link\" href=\"#1\">Consejo Rector<\/a>\n          <\/li>\n                  <li class=\"\">\n            <a class=\"v-content-menu-link\" href=\"#2\">Comisi\u00f3n de Educaci\u00f3n<\/a>\n          <\/li>\n                  <li class=\"\">\n            <a class=\"v-content-menu-link\" href=\"#3\">Comisiones de Madres y Padres de las etapas<\/a>\n          <\/li>\n                  <li class=\"\">\n            <a class=\"v-content-menu-link\" href=\"#4\">Comisiones de Seguimiento<\/a>\n          <\/li>\n                  <li class=\"\">\n            <a class=\"v-content-menu-link\" href=\"#5\">Comisiones e iniciativas populares<\/a>\n          <\/li>\n              <\/ul>\n    <\/div>\n  <\/div>\n\n  <div id=\"vertical-content\" class=\"cell medium-9 sections\">\n          <div class=\"v-content fix-2-down\" id=\"0\" data-magellan-target=\"0\">\n        <h3 class=\"museo-b\">Asamblea General<\/h3>\n        <p><p>Es el \u00f3rgano que m\u00e1s poder de decisi\u00f3n tiene en la Ikastola junto al Consejo Rector. La direcci\u00f3n de la Ikastola se encarga de andar sobre el camino trazado por ambos. La Asamblea General Ordinaria se celebra una vez al a\u00f1o (se pueden celebrar asambleas extraordinarias con mayor frecuencia, se se considera oportuno).<\/p>\n<p><a href=\"https:\/\/oreretaikastola.eus\/es\/socios\/aurrera-memoria-2025\/\">Aurrera! memoria 2025<\/a><\/p>\n<\/p>\n      <\/div>\n          <div class=\"v-content fix-2-down\" id=\"1\" data-magellan-target=\"1\">\n        <h3 class=\"museo-b\">Consejo Rector<\/h3>\n        <p><h5><strong>Composici\u00f3n<\/strong><\/h5>\n<ul>\n<li>Presidente: Xabier Gorrotxategi Zipitria<\/li>\n<li>Vicepresidente: Lide Gabarain Torrecilla<\/li>\n<li>Secretario: Joseba Agudo Mancisidor<\/li>\n<li>Tesorero: Francisco Javier Bag\u00fc\u00e9s Bafaluy<\/li>\n<li>Consejeros\/as:\n<ul>\n<li>Familias: Maider Ubarretxena Bengoetxea, Lorea \u00c1lvarez Gerriko, Izaskun Aldezabal Roteta, Andrea Ubiria Nebra, Ane Igarzabal San Sebasti\u00e1n<\/li>\n<li>Profesionales: Bego\u00f1a Zuloaga Elizegi, Ainara Jacinto Echenagusia, Imanol Mitxelena Lizaso, Iker Go\u00f1i Ramirez<\/li>\n<\/ul>\n<\/li>\n<li>Miembros del equipo directivo: Egoitz Verdugo Markotegi (director pedag\u00f3gico), Maitane Martin Sagarzazu (directora de HH), Onintza Zabala Irastorza (directora de LH), Olatz Mimendia Artuzamunoa (directora de DBH), Olatz Mitxelena Lizaso (directora de Oiartzo), Leire Agirrezabala (responsable de comunicaci\u00f3n)<\/li>\n<\/ul>\n<h5><strong>Funci\u00f3n<\/strong><\/h5>\n<p>Junto a la Asamblea General Ordinaria Anual, el Consejo Rector es el \u00f3rgano de decisi\u00f3n supremo de la Ikastola. A la direcci\u00f3n de la Ikastola le corresponde andar el camino trazado por ellos. El Consejo Rector est\u00e1 formado por representantes de padres y madres, y trabajadores; y cuenta con la participaci\u00f3n del equipo de direcci\u00f3n de la Ikastola.<\/p>\n<h5><strong>Funcionamiento\/calendario<\/strong><\/h5>\n<p>El Consejo Rector de la Ikastola se re\u00fane una vez al mes.<\/p>\n<hr \/>\n<p>Calendario de reuniones 2025-26:<\/p>\n<p>24 de septiembre \/ 29 de octubre \/ 26 de noviembre \/ 17 de diciembre \/ 28 de enero \/ 25 de febrero (Asamblea General Ordinaria Anual) \/ 18 de marzo \/ 29 de abril \/ 27 de mayo \/ 24 de junio<\/p>\n<hr \/>\n<h5><strong>Contacto<\/strong><\/h5>\n<p><a href=\"mailto:lehendakaria@oreretaikastola.eus\">lehendakaria@oreretaikastola.eus<\/a><\/p>\n<div class=\"has-background\" style=\"background-color: #f7f7fc; padding-left: 10px; padding-top: 10px; padding-bottom: 10px;\">\n<h5><strong>Boletines 2025-26<\/strong><\/h5>\n<ul>\n<li><a href=\"https:\/\/oreretaikastola.eus\/es\/aktak\/consejo-rector-boletin-2-2025-26\/\">Bolet\u00edn de octubre<\/a><\/li>\n<li><a href=\"https:\/\/oreretaikastola.eus\/es\/aktak\/consejo-rector-boletin-1-2025-26\/\">Bolet\u00edn de septiembre<\/a><\/li>\n<\/ul>\n<\/div>\n<\/p>\n      <\/div>\n          <div class=\"v-content fix-2-down\" id=\"2\" data-magellan-target=\"2\">\n        <h3 class=\"museo-b\">Comisi\u00f3n de Educaci\u00f3n<\/h3>\n        <p><h5><strong>Composici\u00f3n<\/strong><\/h5>\n<p>En la Comisi\u00f3n de Educaci\u00f3n participan representantes del Consejo Rector, direcci\u00f3n, representantes de servicios, profesorado, alumnado y padres y madres, liderados por el director pedag\u00f3gico de la Ikastola.<\/p>\n<h5><strong>Funci\u00f3n<\/strong><\/h5>\n<p>La Comisi\u00f3n de Educaci\u00f3n es el \u00f3rgano competente de las decisiones pedag\u00f3gicas.<\/p>\n<h5><strong>Funcionamiento\/calendario<\/strong><\/h5>\n<p>La Comisi\u00f3n de Educaci\u00f3n de la Ikastola se re\u00fane cada dos meses.<\/p>\n<hr \/>\n<p>Calendario de reuniones 2025-26:<\/p>\n<p>22 de octubre \/ 10 de diciembre \/ &#8230;<\/p>\n<hr \/>\n<div class=\"has-background\" style=\"background-color: #f7f7fc; padding-left: 10px; padding-top: 10px; padding-bottom: 10px;\">\n<h5><strong>Boletines 2025-26<\/strong><\/h5>\n<ul>\n<li><a href=\"https:\/\/oreretaikastola.eus\/es\/aktak\/comision-educacion-boletin-2-25-26\/\">Bolet\u00edn de diciembre<\/a><\/li>\n<li><a href=\"https:\/\/oreretaikastola.eus\/es\/aktak\/comision-educacion-boletin-1-25-26\/\">Bolet\u00edn de octubre<\/a><\/li>\n<\/ul>\n<\/div>\n<\/p>\n      <\/div>\n          <div class=\"v-content fix-2-down\" id=\"3\" data-magellan-target=\"3\">\n        <h3 class=\"museo-b\">Comisiones de Madres y Padres de las etapas<\/h3>\n        <p><h5><strong>Composici\u00f3n<\/strong><\/h5>\n<p>Lideradas por las madres y padres representantes del Consejo Rector de cada etapa, las Comisiones de Padres y Madres las componen las familias representantes de las aulas. Cada etapa (HH, LH y DBH) tiene su propia comisi\u00f3n.<\/p>\n<h5><strong>Funci\u00f3n<\/strong><\/h5>\n<p>Las Comisiones de Padres y Madres de las etapas tienen como objetivo compartir las inquietudes y sugerencias de las familias del aula y del curso, y reflexionar sobre las propuestas realizadas por parte de los y las profesionales de la Ikastola.<\/p>\n<h5><strong>Funcionamiento\/calendario<\/strong><\/h5>\n<p>Las Comisiones de Madres y Padres se re\u00fanen una vez al mes. Puede participar en las reuniones todo aquel que tenga inter\u00e9s en ello. Las reuniones son abiertas al p\u00fablico.<\/p>\n<hr \/>\n<p>Calendario de reuniones 2024-25:<\/p>\n<ul>\n<li>HH: tercer lunes de cada mes<br \/>\n18 de noviembre | 16 de diciembre | 20 de enero | 17 de febrero | 17 de marzo | 19 de mayo | 16 de junio<\/li>\n<li>LH: segundo lunes de cada mes<br \/>\n11 de noviembre | 9 de diciembre | 13 de enero | 10 de febrero | 10 de marzo | 12 de mayo | 9 de junio<\/li>\n<li>DBH: segundo jueves de cada mes<br \/>\n12 de diciembre | 16 de enero | 13 de febrero | 13 de marzo | 10 de abril | 15 de mayo | 12 de junio<\/li>\n<\/ul>\n<hr \/>\n<h5><strong>Contacto<\/strong><\/h5>\n<ul>\n<li><a href=\"mailto:gurasobatzordeahh@oreretaikastola.eus\">gurasobatzordeahh@oreretaikastola.eus<\/a><\/li>\n<li><a href=\"mailto:gurasobatzordealh@oreretaikastola.eus\">gurasobatzordealh@oreretaikastola.eus<\/a><\/li>\n<li><a href=\"mailto:gurasobatzordeadbh@oreretaikastola.eus\">gurasobatzordeadbh@oreretaikastola.eus<\/a><\/li>\n<\/ul>\n<div class=\"has-background\" style=\"background-color: #f7f7fc; padding-left: 10px; padding-top: 10px; padding-bottom: 10px;\">\n<h5><strong>Boletines 2024-25<\/strong><\/h5>\n<ul>\n<li>HH<br \/>\n<a href=\"https:\/\/oreretaikastola.eus\/es\/aktak\/comision-de-madres-y-padres-hh-2-boletin-24-25\/\">Bolet\u00edn de noviembre<\/a><br \/>\n<a href=\"https:\/\/oreretaikastola.eus\/es\/aktak\/comision-de-madres-y-padres-hh-1-boletin-24-25\/\">Bolet\u00edn de octubre<\/a><\/li>\n<li>LH<br \/>\n<a href=\"https:\/\/oreretaikastola.eus\/es\/aktak\/comision-de-madres-y-padres-lh-2-boletin-24-25\/\">Bolet\u00edn de noviembre<\/a><br \/>\n<a href=\"https:\/\/oreretaikastola.eus\/es\/aktak\/comision-de-madres-y-padres-lh-1-boletin-24-25\/\">Bolet\u00edn de octubre<\/a><\/li>\n<li>DBH<br \/>\n<a href=\"https:\/\/oreretaikastola.eus\/es\/aktak\/comision-de-madres-y-padres-dbh-5-boletin-24-25\/\">Bolet\u00edn de junio<\/a><br \/>\n<a href=\"https:\/\/oreretaikastola.eus\/es\/aktak\/comision-de-madres-y-padres-dbh-4-boletin-24-25\/\">Bolet\u00edn de mayo<\/a><br \/>\n<a href=\"https:\/\/oreretaikastola.eus\/es\/aktak\/comision-de-madres-y-padres-dbh-3-boletin-24-25\/\">Bolet\u00edn de marzo<\/a><br \/>\n<a href=\"https:\/\/oreretaikastola.eus\/es\/aktak\/comision-de-madres-y-padres-dbh-2-boletin-24-25\/\">Bolet\u00edn de enero<\/a><br \/>\n<a href=\"https:\/\/oreretaikastola.eus\/es\/aktak\/comision-de-madres-y-padres-dbh-1-boletin-24-25\/\">Bolet\u00edn de diciembre<\/a><\/li>\n<\/ul>\n<\/div>\n<\/p>\n      <\/div>\n          <div class=\"v-content fix-2-down\" id=\"4\" data-magellan-target=\"4\">\n        <h3 class=\"museo-b\">Comisiones de Seguimiento<\/h3>\n        <p><h5><strong>Composici\u00f3n<\/strong><\/h5>\n<p>Las Comisiones de Seguimiento las componen los representantes de las familias y los equipo de direcci\u00f3n de cada etapa.<\/p>\n<h5><strong>Funci\u00f3n<\/strong><\/h5>\n<p>El objetivo de las Comisiones de Seguimiento de la Ikastola es estrechar y alimentar la relaci\u00f3n entre las familias y el equipo de trabajo de la Ikastola.<\/p>\n<h5><strong>Funcionamiento\/calendario<\/strong><\/h5>\n<p>Las Comisiones de Seguimiento se re\u00fanen mensualmente\/cada dos meses.<\/p>\n<div class=\"has-background\" style=\"background-color: #f7f7fc; padding-left: 10px; padding-top: 10px; padding-bottom: 10px;\">\n<h5><strong>Boletines 2025-26<\/strong><\/h5>\n<ul>\n<li>HH<br \/>\n<a href=\"https:\/\/oreretaikastola.eus\/es\/aktak\/comision-seguimiento-hh-boletin-1-25-26\/\">Bolet\u00edn de octubre<\/a><\/li>\n<li>LH<br \/>\n<a href=\"https:\/\/oreretaikastola.eus\/es\/aktak\/comision-seguimiento-lh-boletin-1-25-26\/\">Bolet\u00edn de noviembre<\/a><\/li>\n<li>DBH<br \/>\n<a href=\"https:\/\/oreretaikastola.eus\/es\/aktak\/comision-seguimiento-dbh-boletin-1-25-26\/\">Bolet\u00edn de noviembre<\/a><\/li>\n<\/ul>\n<\/div>\n<\/p>\n      <\/div>\n          <div class=\"v-content fix-2-down\" id=\"5\" data-magellan-target=\"5\">\n        <h3 class=\"museo-b\">Comisiones e iniciativas populares<\/h3>\n        <p><p>La fiesta de bienvenida al curso, Gau Beltza, Semana del euskera, Maridomingiren Errepublika Magikoa, Kalejira de Navidad, Semana de la educaci\u00f3n, V\u00edspera de Santa \u00c1gueda, Carnaval, MoreretaON, D\u00eda de Gernika y la Convivencia, Ikastola Eguna, Erriola Gunea, Esmalteriako Ostiralak, Zubiak Eraikiz\u2026 son iniciativas que se organizan y llevan a cabo desde y para la comunidad.<\/p>\n<p>En muchos de ellos, las familias tambi\u00e9n participan en la organizaci\u00f3n y aportando su granito de arena como voluntarios y voluntarias. A las familias se les pide ue dediquen una peque\u00f1a parte de su tiempo a este proyecto, a la Ikastola, y que, junto con profesores, educadores, alumnos y alumnas y otros agentes del pueblo, colaboren en las iniciativas que habitualmente organiza la Ikastola.<\/p>\n<p>Cualquiera puede colaborar en cualquier iniciativa, pero para organizarla mejor est\u00e1n asignadas una\/s iniciativa\/s concreta\/s a los padres y madres de cada curso. <a href=\"https:\/\/oreretaikastola.eus\/es\/participacion-de-los-padres-y-madres-en-la-organizacion-de-iniciativas-ciudadanas\/\">Ver tabla de participaci\u00f3n de las familias<\/a>.<\/p>\n<\/p>\n      <\/div>\n      <\/div>\n<\/div>\n\n\n\n<div class=\"estekak-block fullwidth\">\n      <h2 class=\"ikastitle\">\n      <a href=\"https:\/\/oreretaikastola.eus\/es\/familias\/\">La Ikastola, a un click<\/a>\n    <\/h2>\n  \n    <div class=\"grid-x grid-margin-x large-up-4 medium-up-2\" data-equalizer=\"estekak\">\n                      <a class=\"button-link cell\" href=\"\">\n          <div class=\"text-center button-link-wrapper\" data-equalizer-watch=\"estekak\">\n            <h3>Actividad pedag\u00f3gica<\/h3>\n          <\/div>\n        <\/a>\n                      <a class=\"button-link cell\" href=\"https:\/\/oreretaikastola.eus\/es\/familias\/informazio-praktikoa\/\">\n          <div class=\"text-center button-link-wrapper\" data-equalizer-watch=\"estekak\">\n            <h3>Organizaci\u00f3n general<\/h3>\n          <\/div>\n        <\/a>\n                      <a class=\"button-link cell\" href=\"https:\/\/oreretaikastola.eus\/es\/familias\/servicios-contratados\/\">\n          <div class=\"text-center button-link-wrapper\" data-equalizer-watch=\"estekak\">\n            <h3>Servicios complementarios<\/h3>\n          <\/div>\n        <\/a>\n                      <a class=\"button-link cell\" href=\"https:\/\/oreretaikastola.eus\/es\/familias\/eskola-kirola-y-actividades-extraescolares\/\">\n          <div class=\"text-center button-link-wrapper\" data-equalizer-watch=\"estekak\">\n            <h3>Eskola Kirola y extraescolares<\/h3>\n          <\/div>\n        <\/a>\n          <\/div>\n\n<\/div>\n","protected":false},"excerpt":{"rendered":"","protected":false},"author":1,"featured_media":0,"parent":3047,"menu_order":0,"comment_status":"closed","ping_status":"closed","template":"","meta":[],"acf":[],"_links":{"self":[{"href":"https:\/\/oreretaikastola.eus\/es\/wp-json\/wp\/v2\/pages\/4427"}],"collection":[{"href":"https:\/\/oreretaikastola.eus\/es\/wp-json\/wp\/v2\/pages"}],"about":[{"href":"https:\/\/oreretaikastola.eus\/es\/wp-json\/wp\/v2\/types\/page"}],"author":[{"embeddable":true,"href":"https:\/\/oreretaikastola.eus\/es\/wp-json\/wp\/v2\/users\/1"}],"replies":[{"embeddable":true,"href":"https:\/\/oreretaikastola.eus\/es\/wp-json\/wp\/v2\/comments?post=4427"}],"version-history":[{"count":456,"href":"https:\/\/oreretaikastola.eus\/es\/wp-json\/wp\/v2\/pages\/4427\/revisions"}],"predecessor-version":[{"id":77165,"href":"https:\/\/oreretaikastola.eus\/es\/wp-json\/wp\/v2\/pages\/4427\/revisions\/77165"}],"up":[{"embeddable":true,"href":"https:\/\/oreretaikastola.eus\/es\/wp-json\/wp\/v2\/pages\/3047"}],"wp:attachment":[{"href":"https:\/\/oreretaikastola.eus\/es\/wp-json\/wp\/v2\/media?parent=4427"}],"curies":[{"name":"wp","href":"https:\/\/api.w.org\/{rel}","templated":true}]}}