{"id":30456,"date":"2022-10-03T15:29:02","date_gmt":"2022-10-03T14:29:02","guid":{"rendered":"https:\/\/oreretaikastola.eus\/kilometroak23\/lan-batzordeak\/"},"modified":"2023-03-02T10:52:00","modified_gmt":"2023-03-02T09:52:00","slug":"grupos-de-trabajo","status":"publish","type":"page","link":"https:\/\/oreretaikastola.eus\/es\/kilometroak23\/grupos-de-trabajo\/","title":{"rendered":"Kilometroak 23: grupos de trabajo"},"content":{"rendered":"<div\nclass=\"orbit\"\nrole=\"region\"\naria-label=\"\"\ndata-orbit\ndata-options=\"pauseOnHover:false; animInFromLeft:fade-in; animInFromRight:fade-in; animOutToLeft:fade-out; animOutToRight:fade-out;\"\ndata-auto-play=\"true\"\ndata-use-m-u-i=\"true\"\n>\n\n  <div class=\"orbit-wrapper\">\n    <ul class=\"orbit-container slider-header fullwidth\">\n      <li class=\"is-active orbit-slide\" style=\"background-image:url(\/app\/uploads\/2020\/10\/Orereta-Ikastola_lantaldea.jpg);\">\n        <figcaption class=\"orbit-caption\">\n           <h1>Grupos de trabajo<\/h1>                   <\/figcaption>\n      <\/li>\n    <\/ul>\n  <\/div>\n\n<\/div>\n\n\n\n<p>Kilometroak necesita una estructura b\u00e1sica fundamental durante todo el a\u00f1o, compuesta por comisiones y subcomisiones. Esta estructura es permanente desde la toma del testigo hasta su entrega a la siguiente Ikastola. Abajo ten\u00e9is los detalles y tareas de las comisiones permanentes.<\/p>\n\n\n\n<div class=\"wp-block-buttons is-layout-flex wp-block-buttons-is-layout-flex\">\n<div class=\"wp-block-button has-custom-font-size has-small-font-size\"><a class=\"wp-block-button__link has-background\" href=\"https:\/\/oreretaikastola.eus\/es\/kilometroak23\/voluntariado-inscripcion\/\" style=\"border-radius:10px;background-color:#04395e\">Quiero apuntarme a una comisi\u00f3n permanente<\/a><\/div>\n<\/div>\n\n\n\n<div style=\"height:50px\" aria-hidden=\"true\" class=\"wp-block-spacer\"><\/div>\n\n\n\n<hr class=\"wp-block-separator\"\/>\n\n\n<ul class=\"accordion\" data-accordion data-allow-all-closed=\"true\">\n          \n      <li class=\"accordion-item\" data-accordion-item>\n      <a href=\"#\" class=\"accordion-title\">\n          <h3>Espect\u00e1culos<\/h3>\n        <\/a>\n\n        <div class=\"accordion-content\" data-tab-content>\n          <p><span style=\"font-weight: 400;\">Las principales funciones de este grupo de trabajo se centran en organizar iniciativas a lo largo del a\u00f1o fomentando los objetivos y valores de la l\u00ednea de comunicaci\u00f3n de Kilometroak 2023. Se encarga de la gesti\u00f3n necesaria para su desarrollo.<\/span><\/p>\n<p><span style=\"font-weight: 400;\">Para ello dispondr\u00e1 de las siguientes subcomisiones. Unas ser\u00e1n permanentes (que funcionar\u00e1n durante todo el a\u00f1o) y otras ocasionales para determinadas iniciativas.<\/span><\/p>\n<ul>\n<li><span style=\"font-weight: 400;\"><strong>Comunicaci\u00f3n:<\/strong> En este grupo de trabajo las personas se encargar\u00e1n de crear los guiones y\/o audiovisuales necesarios de los espect\u00e1culos. Por lo tanto, este grupo podr\u00eda ser el lugar de las personas que les gusta escribir y contar.<\/span><\/li>\n<li><span style=\"font-weight: 400;\"><strong>J\u00f3venes<\/strong>: Un grupo de trabajo formado principalmente por j\u00f3venes que cree y canalice la oferta dirigida a la juventud. Se trata de un grupo de personas con ganas de crear y sacar adelante nuevas ideas.<\/span><\/li>\n<li><span style=\"font-weight: 400;\"><strong>Equipo t\u00e9cnico y de m\u00fasica<\/strong>: Es un equipo que tiene la capacidad de dise\u00f1ar y dirigir el suministro el\u00e9ctrico, t\u00e9cnico y m\u00fasico en cualquier espect\u00e1culo. Este es un grupo de profesionales y personas relacionadas con ese \u00e1mbito de trabajo.<\/span><\/li>\n<li><span style=\"font-weight: 400;\"><strong>M\u00fasica<\/strong>: Ser\u00e1 el equipo encargado de organizar los actos relacionados con la m\u00fasica. Los aficionados y\/o profesionales de la m\u00fasica tendr\u00e1n aqu\u00ed un espacio para compartir su experiencia.<\/span><\/li>\n<li><span style=\"font-weight: 400;\"><strong>Arte y literatura<\/strong>: Queremos formar un equipo de trabajo que integre las artes pl\u00e1sticas y la literatura para incluir esta oferta en diferentes actividades. La creatividad y la palabra ser\u00e1n los ingredientes principales de este equipo.<\/span><\/li>\n<li><span style=\"font-weight: 400;\"><strong>Deporte<\/strong>: Este ser\u00e1 el equipo de trabajo creado espec\u00edficamente con deportistas. Las acciones y\/o propuestas relacionadas con los diferentes deportes ser\u00e1n canalizadas y coordinadas por este subcomit\u00e9.<\/span><\/li>\n<li><span style=\"font-weight: 400;\"><strong>Teatro<\/strong>: Para los amantes del teatro aqu\u00ed hay una oportunidad. Adem\u00e1s de su contribuci\u00f3n a los diferentes espect\u00e1culos, este grupo puede tener la posibilidad de crear espect\u00e1culos propios.<\/span><\/li>\n<li><span style=\"font-weight: 400;\"><strong>Danza<\/strong>: Se trata de un grupo que puede ser apropiado para las personas que trabajan o han andado en el mundo de la danza de cualquier estilo. Este grupo podr\u00e1 coordinarse con otros espect\u00e1culos y\/o crear espect\u00e1culos propios.<\/span><\/li>\n<li><span style=\"font-weight: 400;\"><strong>Ni\u00f1os\/as y juegos<\/strong>: Se trata del grupo que se encargar\u00e1 de organizar y llevar a cabo las acciones dirigidas especialmente a las y los ni\u00f1os. Se prev\u00e9 realizar din\u00e1micas con las y los menores para conocer sus deseos y propuestas.\u00a0<\/span><\/li>\n<li><span style=\"font-weight: 400;\"><strong>Erronka<\/strong>: Este grupo se encargar\u00e1 de dise\u00f1ar y llevar a cabo la iniciativa \u00abErronka\u00bb, iniciativa que se lleva a cabo en todas las ediciones de Kilometroak y se basa en un juego-desafio en el que participan las y los j\u00f3venes de DBH de las diferentes Ikastolas de Gipuzkoa.\u00a0<\/span><\/li>\n<\/ul>\n\n        <\/div>\n      <\/li>\n          \n      <li class=\"accordion-item\" data-accordion-item>\n      <a href=\"#\" class=\"accordion-title\">\n          <h3>Comunicaci\u00f3n<\/h3>\n        <\/a>\n\n        <div class=\"accordion-content\" data-tab-content>\n          <p><span style=\"font-weight: 400;\">La comisi\u00f3n de comunicaci\u00f3n ser\u00e1 la encargada de elaborar y llevar a cabo el plan de comunicaci\u00f3n anual de Kilometroak 2023. Para ello se crear\u00e1n, principalmente, las siguientes subcomisiones:<\/span><\/p>\n<ul>\n<li><span style=\"font-weight: 400;\"><strong>Redes y p\u00e1ginas web<\/strong>: Equipo encargado de la gesti\u00f3n de las redes y sitios web espec\u00edficos de Kilometroak.<\/span><\/li>\n<li><span style=\"font-weight: 400;\"><strong>Gabinete de prensa<\/strong>: Ser\u00e1 un grupo de trabajo que mantendr\u00e1 la relaci\u00f3n con los diferentes medios de comunicaci\u00f3n y les informar\u00e1 de nuestra labor.<\/span><\/li>\n<li><span style=\"font-weight: 400;\"><strong>Publicidad<\/strong>: Ser\u00e1 el equipo encargado de crear y distribuir anuncios en los diferentes soportes.<\/span><\/li>\n<li><span style=\"font-weight: 400;\"><strong>Dise\u00f1o gr\u00e1fico:<\/strong> Ser\u00e1 el equipo encargado de realizar los trabajo de dise\u00f1os para los diferentes soportes que se necesiten.<\/span><\/li>\n<li><span style=\"font-weight: 400;\"><strong>Protocolo<\/strong>: Ser\u00e1 el equipo de trabajo que defina y desarrolle los protocolos para los diferentes eventos.<\/span><\/li>\n<li><span style=\"font-weight: 400;\"><strong>Comunidad<\/strong>: Ser\u00e1 el equipo que se asegurar\u00e1 de que la comunidad est\u00e9 informada.<\/span><\/li>\n<\/ul>\n\n        <\/div>\n      <\/li>\n          \n      <li class=\"accordion-item\" data-accordion-item>\n      <a href=\"#\" class=\"accordion-title\">\n          <h3>Econom\u00eda<\/h3>\n        <\/a>\n\n        <div class=\"accordion-content\" data-tab-content>\n          <p><span style=\"font-weight: 400;\">El objetivo del comit\u00e9 ccon\u00f3mico es sacar el m\u00e1ximo provecho econ\u00f3mico de las actividades que organizamos o, manteniendo la inversi\u00f3n comunicativa que se realiza, convertirla en una iniciativa sostenible. Su funci\u00f3n principal ser\u00eda desarrollar de la forma m\u00e1s ordenada posible el trabajo administrativo necesario para la organizaci\u00f3n de Kilometroak: seguimiento de gastos e ingresos, facturas, contabilidad, an\u00e1lisis y ejecuci\u00f3n de la fiesta Kilometroak, planificaci\u00f3n econ\u00f3mica y ejecuci\u00f3n de Kilometroak Jaia como tal: cambio de ingresos, recaudaci\u00f3n y arqueo de fondos\u2026<\/span><\/p>\n<ul>\n<li><span style=\"font-weight: 400;\"><strong>Administraci\u00f3n:<\/strong> Es el equipo encargado del seguimiento de cuentas y del trabajo administrativo.<\/span><\/li>\n<li><span style=\"font-weight: 400;\"><strong>Tanta:<\/strong> Tanta es el equipo encargado de gestionar el sorteo. Por un lado, se responsabilizar\u00e1n de la distribuci\u00f3n de los boletos en las Ikastolas y, por otro, de la constituci\u00f3n de grupos de trabajo para su venta en diferentes fiestas o \u00e9pocas especiales. Tanta es la principal fuente de financiaci\u00f3n de Kilometroak, por lo que este es un equipo muy importante.<\/span><\/li>\n<li><span style=\"font-weight: 400;\"><strong>T\u00f3mbola:<\/strong> Este equipo se encarga de gestionar la t\u00f3mbola que se realiza dos o tres veces al a\u00f1o. El equipo es el encargado de obtener los regalos de diferentes comercios, personas, instituciones, hacer un inventario y preparar la t\u00f3mbola.<\/span><\/li>\n<li><span style=\"font-weight: 400;\"><strong>Publicidad<\/strong>: Es el equipo encargado de concertar la publicidad con los diferentes comercios del pueblo. Responsable del desarrollo de la campa\u00f1a \u201cKilometroak Laguntzailea\u201d.<\/span><\/li>\n<\/ul>\n\n        <\/div>\n      <\/li>\n          \n      <li class=\"accordion-item\" data-accordion-item>\n      <a href=\"#\" class=\"accordion-title\">\n          <h3>Tienda<\/h3>\n        <\/a>\n\n        <div class=\"accordion-content\" data-tab-content>\n          <p><span style=\"font-weight: 400;\">Es el grupo que se encarga del dise\u00f1o y venta de la ropa y complementos de Kilometroak. Tiene varias subcomisiones por su complejidad:<\/span><\/p>\n<ul>\n<li><span style=\"font-weight: 400;\"><strong>Grupo de compras<\/strong>: Es el equipo encargado de seleccionar y dise\u00f1ar ropa.<\/span><\/li>\n<li><span style=\"font-weight: 400;\"><strong>Tienda<\/strong>: Ser\u00e1 el grupo de personas que estar\u00e1 en la tienda como vendedor. La tienda permanece abierta de ma\u00f1ana y tarde de lunes a viernes, y los s\u00e1bados por la ma\u00f1ana. Se organizan turnos para que cada persona haga un turno por semana.<\/span><\/li>\n<li><span style=\"font-weight: 400;\"><strong>Etiquetado<\/strong>: Es el equipo encargado de etiquetar y preparar la ropa cuando llega de f\u00e1brica. Es un trabajo permanente, ya que los pedidos se realizan de forma regular.<\/span><\/li>\n<li><span style=\"font-weight: 400;\"><strong>Tienda itenerante (bolsas)<\/strong>: Este equipo se encarga de preparar las bolsas para la tienda itinerante. Los viernes preparan las bolsas y los lunes las recogen.<\/span><\/li>\n<li><span style=\"font-weight: 400;\"><strong>Grupo de apoyo para las salidas<\/strong>: Este es el equipo de gesti\u00f3n de salidas. Obtener permisos de puesto, avisar a los equipos\u2026<\/span><\/li>\n<li><span style=\"font-weight: 400;\"><strong>Tienda online<\/strong>: Este es el grupo de trabajo que gestionar\u00e1 las solicitudes que se reciban online.<\/span><\/li>\n<\/ul>\n\n        <\/div>\n      <\/li>\n          \n      <li class=\"accordion-item\" data-accordion-item>\n      <a href=\"#\" class=\"accordion-title\">\n          <h3>Cuidado de personas<\/h3>\n        <\/a>\n\n        <div class=\"accordion-content\" data-tab-content>\n          <p><span style=\"font-weight: 400;\">En un gran proyecto como es Kilometroak cobra especial importancia el cuidado de las personas. Vamos a tener mucha gente trabajando todo el a\u00f1o y queremos cuidar el ambiente que nos rodea. En esta comisi\u00f3n existir\u00e1n dos subcomisiones:<\/span><\/p>\n<ul>\n<li><span style=\"font-weight: 400;\"><strong>Atenci\u00f3n a las personas<\/strong>: Ser\u00e1 el grupo encargado de velar por el ambiente de trabajo de los comit\u00e9s y por el cuidado de las personas. Analizar\u00e1n la distribuci\u00f3n de la carga de trabajo a lo largo del a\u00f1o y, si fuera necesario, ayudar\u00e1n a calmar el ambiente o a elaborar propuestas de grupo.<\/span><\/li>\n<li><span style=\"font-weight: 400;\"><strong>Gesti\u00f3n del voluntariado<\/strong>: M\u00e1s all\u00e1 de las Comisiones, en diferentes iniciativas y, sobre todo, en aquellos momentos en los que se necesite un n\u00famero importante de personas, \u00e9ste ser\u00e1 el equipo encargado de gestionar la red de voluntariado.<\/span><\/li>\n<\/ul>\n\n        <\/div>\n      <\/li>\n          \n      <li class=\"accordion-item\" data-accordion-item>\n      <a href=\"#\" class=\"accordion-title\">\n          <h3>Prevenci\u00f3n<\/h3>\n        <\/a>\n\n        <div class=\"accordion-content\" data-tab-content>\n          <p><span style=\"font-weight: 400;\">La salud y seguridad de estas personas, as\u00ed como la movilidad, cobran gran importancia en la organizaci\u00f3n de cualquier actividad en la que puedan participar muchas personas. Esta es, sobre todo, la funci\u00f3n del comit\u00e9 de prevenci\u00f3n: la de prever los problemas que puedan surgir y contar con personas formadas que aporten soluciones a los mismos.<\/span><\/p>\n<ul>\n<li><span style=\"font-weight: 400;\"><strong>Comit\u00e9 de salud<\/strong>: Este es un comit\u00e9 formado por profesionales de la salud. Es el equipo encargado de gestionar el \u201cpunto de asistencia\u201d m\u00ednimo necesario en cualquier evento. Normalmente est\u00e1 formado por enfermeras, socorristas, m\u00e9dicos, etc.<\/span><\/li>\n<li><span style=\"font-weight: 400;\"><strong>Vigilancia de espacios<\/strong>: Se trata de un grupo que evita los problemas que pueden surgir cuando se juntan la fiesta y las grandes aglomeraciones. Es un grupo de personas que desarrollan los recursos y planes necesarios para un ambiente tranquilo y festivo sano.<\/span><\/li>\n<li><span style=\"font-weight: 400;\"><strong>Tr\u00e1fico y aparcamientos<\/strong>: Es el equipo de trabajo encargado de las acciones planificadas tanto en el tr\u00e1fico como en la circulaci\u00f3n de personas y en los aparcamientos. Las acciones que llevan a cabo abarcan desde la planificaci\u00f3n hasta la ejecuci\u00f3n, con su incidencia en el entorno y su previsi\u00f3n; deben dise\u00f1ar y llevar a cabo el plan de acci\u00f3n. Posteriormente, se encargar\u00e1 de un gran grupo de voluntarios para llevar adelante todo este plan.<\/span><\/li>\n<\/ul>\n\n        <\/div>\n      <\/li>\n          \n      <li class=\"accordion-item\" data-accordion-item>\n      <a href=\"#\" class=\"accordion-title\">\n          <h3>Inclusi\u00f3n<\/h3>\n        <\/a>\n\n        <div class=\"accordion-content\" data-tab-content>\n          <p><span style=\"font-weight: 400;\">Esta comisi\u00f3n mixta garantizar\u00e1 que Kilometroak sea una fiesta RESPETUOSA para TODOS Y TODAS. Para ello, por un lado, las acciones que se desarrollen garantizar\u00e1n el cumplimiento de estos requisitos y, por otro, pueden organizar acciones puntuales.<\/span><\/p>\n<p><span style=\"font-weight: 400;\">La DIVERSIDAD FUNCIONAL, COEDUCACI\u00d3N, MULTICULTURALIDAD, DIVERSIDAD FAMILIAR, DIVERSIDAD SEXUAL son ejemplos de los grupos que se unir\u00e1n e integrar\u00e1n en esta comisi\u00f3n.<\/span><\/p>\n\n        <\/div>\n      <\/li>\n          \n      <li class=\"accordion-item\" data-accordion-item>\n      <a href=\"#\" class=\"accordion-title\">\n          <h3>Espacio<\/h3>\n        <\/a>\n\n        <div class=\"accordion-content\" data-tab-content>\n          <p><span style=\"font-weight: 400;\">Cualquier fiesta ocupa un espacio que debe ser organizado y, si es posible, creativo. Adem\u00e1s, hay que hacer montajes especiales y todo esto hay que crearlo y guardarlo a lo largo del a\u00f1o. Para ello es el equipo de trabajo del espacio quien dise\u00f1a y organiza creativamente el espacio que acoger\u00e1 las iniciativas del a\u00f1o.<\/span><\/p>\n<ul>\n<li><span style=\"font-weight: 400;\"><strong>Organizaci\u00f3n del espacio<\/strong>: Hay que analizar qu\u00e9 espacio y c\u00f3mo se va a utilizar para realizar cualquier acci\u00f3n. Este grupo de trabajo ser\u00e1 el que ayude a los otros equipos a seleccionar el espacio m\u00e1s adecuado en funci\u00f3n de la iniciativa y a conseguir los recursos necesarios para ello.<\/span><\/li>\n<li><span style=\"font-weight: 400;\"><strong>Creatividad espacial<\/strong>: Los miembros de este equipo de trabajo colaborar\u00e1n en la adaptaci\u00f3n de los espacios destinados a la organizaci\u00f3n de actividades. Ser\u00e1 un equipo de trabajo que, de forma pl\u00e1stica, trabaje en la creaci\u00f3n de diferentes escenograf\u00edas utilizando la creatividad.<\/span><\/li>\n<li><span style=\"font-weight: 400;\"><strong>Montaje<\/strong>: La misi\u00f3n principal del equipo de montaje ser\u00e1 disponer de toda la infraestructura necesaria para poder llevar a cabo tanto las iniciativas a lo largo del a\u00f1o como el D\u00eda Kilometroak, realizando todos los trabajos de montaje necesarios: tablados, carpas, mostradores, subestructuras de cables, transporte, etc.<\/span><\/li>\n<li><span style=\"font-weight: 400;\"><strong>Almac\u00e9n<\/strong>: Es importante controlar y mantener limpio el almac\u00e9n. Este equipo se encargar\u00e1 de controlar todo el material que se vaya a utilizar a lo largo del a\u00f1o.<\/span><\/li>\n<\/ul>\n\n        <\/div>\n      <\/li>\n          \n      <li class=\"accordion-item\" data-accordion-item>\n      <a href=\"#\" class=\"accordion-title\">\n          <h3>Sostenibilidad<\/h3>\n        <\/a>\n\n        <div class=\"accordion-content\" data-tab-content>\n          <p><span style=\"font-weight: 400;\">En el modelo de Kilometroak pretendemos, en un ambiente festivo, minimizar el impacto en nuestro entorno. Por ello, en la comisi\u00f3n de sostenibilidad se establecer\u00e1n los procedimientos de vigilancia ambiental y de gesti\u00f3n adecuada de los residuos, que se implementar\u00e1n en todos los dem\u00e1s actos. Adem\u00e1s, podr\u00e1n organizar actividades espec\u00edficas.<\/span><\/p>\n<p><span style=\"font-weight: 400;\">Las subcomisiones ser\u00e1n <strong>Medio Ambiente<\/strong> y <strong>0 Residuos<\/strong>.<\/span><\/p>\n\n        <\/div>\n      <\/li>\n          \n      <li class=\"accordion-item\" data-accordion-item>\n      <a href=\"#\" class=\"accordion-title\">\n          <h3>Gastronom\u00eda<\/h3>\n        <\/a>\n\n        <div class=\"accordion-content\" data-tab-content>\n          <p>Teniendo en cuenta la importancia que tienen el comer y beber en nuestra cultura, la comisi\u00f3n de gastronom\u00eda tiene un peso relevante en la estructura de Kilometroak. M\u00e1s all\u00e1 de la txosna, se pueden organizar iniciativas propias y especiales.<\/p>\n<p>Cualquier persona que tenga relaci\u00f3n con el comer y\/o beber puede tener sitio en esta comisi\u00f3n.<\/p>\n\n        <\/div>\n      <\/li>\n      <\/ul>\n","protected":false},"excerpt":{"rendered":"<p>Kilometroak necesita una estructura b\u00e1sica fundamental durante todo el a\u00f1o, compuesta por comisiones y subcomisiones. Esta estructura es permanente desde la toma del testigo hasta su entrega a la siguiente Ikastola. Abajo ten\u00e9is los detalles y tareas de las comisiones permanentes.<\/p>\n","protected":false},"author":2,"featured_media":0,"parent":30452,"menu_order":0,"comment_status":"closed","ping_status":"closed","template":"","meta":[],"acf":[],"_links":{"self":[{"href":"https:\/\/oreretaikastola.eus\/es\/wp-json\/wp\/v2\/pages\/30456"}],"collection":[{"href":"https:\/\/oreretaikastola.eus\/es\/wp-json\/wp\/v2\/pages"}],"about":[{"href":"https:\/\/oreretaikastola.eus\/es\/wp-json\/wp\/v2\/types\/page"}],"author":[{"embeddable":true,"href":"https:\/\/oreretaikastola.eus\/es\/wp-json\/wp\/v2\/users\/2"}],"replies":[{"embeddable":true,"href":"https:\/\/oreretaikastola.eus\/es\/wp-json\/wp\/v2\/comments?post=30456"}],"version-history":[{"count":5,"href":"https:\/\/oreretaikastola.eus\/es\/wp-json\/wp\/v2\/pages\/30456\/revisions"}],"predecessor-version":[{"id":35479,"href":"https:\/\/oreretaikastola.eus\/es\/wp-json\/wp\/v2\/pages\/30456\/revisions\/35479"}],"up":[{"embeddable":true,"href":"https:\/\/oreretaikastola.eus\/es\/wp-json\/wp\/v2\/pages\/30452"}],"wp:attachment":[{"href":"https:\/\/oreretaikastola.eus\/es\/wp-json\/wp\/v2\/media?parent=30456"}],"curies":[{"name":"wp","href":"https:\/\/api.w.org\/{rel}","templated":true}]}}