{"id":29248,"date":"2022-09-05T16:50:39","date_gmt":"2022-09-05T15:50:39","guid":{"rendered":"https:\/\/oreretaikastola.eus\/?page_id=29248"},"modified":"2025-08-27T12:28:58","modified_gmt":"2025-08-27T11:28:58","slug":"lista-tutores-y-profesorado-dbh","status":"publish","type":"page","link":"https:\/\/oreretaikastola.eus\/es\/familias\/lista-tutores-y-profesorado-dbh\/","title":{"rendered":"Lista tutores y profesorado (DBH)"},"content":{"rendered":"<div\nclass=\"orbit\"\nrole=\"region\"\naria-label=\"\"\ndata-orbit\ndata-options=\"pauseOnHover:false; animInFromLeft:fade-in; animInFromRight:fade-in; animOutToLeft:fade-out; animOutToRight:fade-out;\"\ndata-auto-play=\"true\"\ndata-use-m-u-i=\"true\"\n>\n\n  <div class=\"orbit-wrapper\">\n    <ul class=\"orbit-container slider-header fullwidth\">\n      <li class=\"is-active orbit-slide\" style=\"background-image:url(\/app\/uploads\/2025\/07\/ORERETA-2018-MATRIKULAZIOAK-5-scaled1.jpg);\">\n        <figcaption class=\"orbit-caption\">\n           <h1>Lista de tutores y profesorado (DBH)<\/h1>            <h4>Curso 2025-26<\/h4>         <\/figcaption>\n      <\/li>\n    <\/ul>\n  <\/div>\n\n<\/div>\n\n\n\n<hr class=\"wp-block-separator has-css-opacity\"\/>\n\n\n\n<h2 class=\"wp-block-heading has-text-align-center\"><strong>DBH<\/strong><\/h2>\n\n\n\n<hr class=\"wp-block-separator has-css-opacity\"\/>\n\n\n\n<div class=\"wp-block-columns is-layout-flex wp-container-5 wp-block-columns-is-layout-flex\" style=\"padding-top:var(--wp--preset--spacing--30);padding-bottom:var(--wp--preset--spacing--30)\">\n<div class=\"wp-block-column is-layout-flow wp-block-column-is-layout-flow\">\n<div class=\"wp-block-cover is-light\" style=\"min-height:50px\"><span aria-hidden=\"true\" class=\"wp-block-cover__background has-background-dim-100 has-background-dim\" style=\"background-color:#f7f7fc\"><\/span><div class=\"wp-block-cover__inner-container is-layout-flow wp-block-cover-is-layout-flow\">\n<p class=\"has-text-align-left has-black-color has-text-color\"><strong>DBH1<\/strong><\/p>\n\n\n\n<p class=\"has-black-color has-text-color has-small-font-size\">\u00b7 Ane Sobreviela | Maialen Garmendia (A)<br>\u00b7 Eneritz Arbelaitz | Gema Ines (B)<br>. Amets Esnaola | Gema Ines (C)<br>\u00b7 Iker Go\u00f1i | Maialen Garmendia (D)<\/p>\n\n\n\n<hr class=\"wp-block-separator has-text-color has-black-color has-css-opacity has-black-background-color has-background\"\/>\n\n\n\n<p class=\"has-black-color has-text-color has-link-color has-small-font-size wp-elements-908b22229c0da05333a861fedd59b56e\">\u00b7 Para mensajes: Inika<br>\u00b7 Para hablar por tel\u00e9fono:<br>&#8211; <a href=\"tel: 943520397\" data-type=\"page\">943 52 03 97<\/a> (ext. 214)<\/p>\n<\/div><\/div>\n<\/div>\n\n\n\n<div class=\"wp-block-column is-layout-flow wp-block-column-is-layout-flow\">\n<div class=\"wp-block-cover is-light\" style=\"min-height:50px\"><span aria-hidden=\"true\" class=\"wp-block-cover__background has-background-dim-100 has-background-dim\" style=\"background-color:#f7f7fc\"><\/span><div class=\"wp-block-cover__inner-container is-layout-flow wp-block-cover-is-layout-flow\">\n<p class=\"has-text-align-left has-black-color has-text-color\"><strong>DBH2<\/strong><\/p>\n\n\n\n<p class=\"has-black-color has-text-color has-small-font-size\">\u00b7 Haizea Saez de Eguilaz | Oihana Moreno (A)<br>\u00b7 Sara Aramendi | Oihana Moreno (B)<br>. Nagore Alonso | Manex Eizmendi (C)<br>\u00b7 Egoitz Sayar | Manex Eizmendi (D)<\/p>\n\n\n\n<hr class=\"wp-block-separator has-text-color has-black-color has-css-opacity has-black-background-color has-background\"\/>\n\n\n\n<p class=\"has-black-color has-text-color has-link-color has-small-font-size wp-elements-c047af028483e145a83f65126cfd2f05\">\u00b7 Para mensajes: Inika<br>\u00b7 Para hablar por tel\u00e9fono:<br>&#8211; <a href=\"tel: 943520397\">943 52 03 97<\/a> (ext. 214)<\/p>\n<\/div><\/div>\n<\/div>\n<\/div>\n\n\n\n<div class=\"wp-block-columns is-layout-flex wp-container-10 wp-block-columns-is-layout-flex\" style=\"padding-top:var(--wp--preset--spacing--30);padding-bottom:var(--wp--preset--spacing--30)\">\n<div class=\"wp-block-column is-layout-flow wp-block-column-is-layout-flow\">\n<div class=\"wp-block-cover is-light\" style=\"min-height:50px\"><span aria-hidden=\"true\" class=\"wp-block-cover__background has-background-dim-100 has-background-dim\" style=\"background-color:#f7f7fc\"><\/span><div class=\"wp-block-cover__inner-container is-layout-flow wp-block-cover-is-layout-flow\">\n<p class=\"has-text-align-left has-black-color has-text-color\"><strong>DBH3<\/strong><\/p>\n\n\n\n<p class=\"has-black-color has-text-color has-small-font-size\">\u00b7 Mikel Saez de Eguilaz | Nerea Maiz (A)<br>\u00b7 Enara Alfonso (B)<br>. Lur Gaztelumendi | Miren Usabiaga (C)<br>\u00b7 Ekaitz Etxeberria | Miren Usabiaga (D)<br>\u00b7 Nerea Laurenz | Itxaro Sarasola (E)<\/p>\n\n\n\n<hr class=\"wp-block-separator has-text-color has-black-color has-css-opacity has-black-background-color has-background\"\/>\n\n\n\n<p class=\"has-black-color has-text-color has-link-color has-small-font-size wp-elements-776afca0982b720d6509b6beab6c326d\">\u00b7 Para mensajes: Inika<br>\u00b7 Para hablar por tel\u00e9fono:<br>&#8211; <a href=\"tel: 943520397\">943 52 03 97<\/a> (ext. 233)  <\/p>\n<\/div><\/div>\n<\/div>\n\n\n\n<div class=\"wp-block-column is-layout-flow wp-block-column-is-layout-flow\">\n<div class=\"wp-block-cover is-light\" style=\"min-height:50px\"><span aria-hidden=\"true\" class=\"wp-block-cover__background has-background-dim-100 has-background-dim\" style=\"background-color:#f7f7fc\"><\/span><div class=\"wp-block-cover__inner-container is-layout-flow wp-block-cover-is-layout-flow\">\n<p class=\"has-text-align-left has-black-color has-text-color\"><strong>DBH4<\/strong><\/p>\n\n\n\n<p class=\"has-black-color has-text-color has-small-font-size\">\u00b7 Irati Muxika | Aitor Perez (A)<br>\u00b7 Ane Badiola (B)<br>. Maite Ruiz de Azua (C)<br>\u00b7 Ane Gallastegi | Maite Landatxe (D)<br>\u00b7 Eoghan O&#8217;Ciarmhac | Aitor Perez (E)<\/p>\n\n\n\n<hr class=\"wp-block-separator has-text-color has-black-color has-css-opacity has-black-background-color has-background\"\/>\n\n\n\n<p class=\"has-black-color has-text-color has-link-color has-small-font-size wp-elements-776afca0982b720d6509b6beab6c326d\">\u00b7 Para mensajes: Inika<br>\u00b7 Para hablar por tel\u00e9fono:<br>&#8211; <a href=\"tel: 943520397\">943 52 03 97<\/a> (ext. 233)  <\/p>\n<\/div><\/div>\n<\/div>\n<\/div>\n\n\n\n<div style=\"height:25px\" aria-hidden=\"true\" class=\"wp-block-spacer\"><\/div>\n\n\n\n<div class=\"wp-block-cover is-light\" style=\"min-height:50px\"><span aria-hidden=\"true\" class=\"wp-block-cover__background has-background-dim-100 has-background-dim\" style=\"background-color:#adafb0\"><\/span><div class=\"wp-block-cover__inner-container is-layout-flow wp-block-cover-is-layout-flow\">\n<h4 class=\"wp-block-heading has-text-align-center has-white-color has-text-color\"><strong>SEMINARIOS (DBH)<\/strong><\/h4>\n<\/div><\/div>\n\n\n\n<div style=\"height:15px\" aria-hidden=\"true\" class=\"wp-block-spacer\"><\/div>\n\n\n\n<div class=\"wp-block-columns is-layout-flex wp-container-16 wp-block-columns-is-layout-flex\" style=\"padding-top:var(--wp--preset--spacing--20);padding-bottom:var(--wp--preset--spacing--20)\">\n<div class=\"wp-block-column is-layout-flow wp-block-column-is-layout-flow\">\n<div class=\"wp-block-cover is-light\" style=\"min-height:50px\"><span aria-hidden=\"true\" class=\"wp-block-cover__background has-background-dim-100 has-background-dim\" style=\"background-color:#f7f7fc\"><\/span><div class=\"wp-block-cover__inner-container is-layout-flow wp-block-cover-is-layout-flow\">\n<p class=\"has-black-color has-text-color\"><strong>Biolog\u00eda-Geolog\u00eda | F\u00edsica-Qu\u00edmica<br>Ciencias de la Naturaleza<\/strong><\/p>\n\n\n\n<p class=\"has-black-color has-text-color has-small-font-size\">Maialen Garmendia, Egoitz Verdugo, Maite Landatxe, Eneritz Arbelaitz, Igor Iriarte, Enara Alfonso, Nerea Laurenz<\/p>\n<\/div><\/div>\n<\/div>\n\n\n\n<div class=\"wp-block-column is-layout-flow wp-block-column-is-layout-flow\">\n<div class=\"wp-block-cover is-light\" style=\"min-height:50px\"><span aria-hidden=\"true\" class=\"wp-block-cover__background has-background-dim-100 has-background-dim\" style=\"background-color:#f7f7fc\"><\/span><div class=\"wp-block-cover__inner-container is-layout-flow wp-block-cover-is-layout-flow\">\n<p class=\"has-black-color has-text-color\"><strong>Matem\u00e1ticas<\/strong><\/p>\n\n\n\n<p class=\"has-black-color has-text-color has-small-font-size\">Nerea Laurenz, Ane Gallastegi, Ekaitz Etxeberria, Enara Alfonso, Oihana Moreno, Mikel Saez de Eguilaz<\/p>\n\n\n\n<div style=\"height:32px\" aria-hidden=\"true\" class=\"wp-block-spacer\"><\/div>\n<\/div><\/div>\n<\/div>\n<\/div>\n\n\n\n<div class=\"wp-block-columns is-layout-flex wp-container-21 wp-block-columns-is-layout-flex\" style=\"padding-top:var(--wp--preset--spacing--30);padding-bottom:var(--wp--preset--spacing--30)\">\n<div class=\"wp-block-column is-layout-flow wp-block-column-is-layout-flow\">\n<div class=\"wp-block-cover is-light\" style=\"min-height:50px\"><span aria-hidden=\"true\" class=\"wp-block-cover__background has-background-dim-100 has-background-dim\" style=\"background-color:#f7f7fc\"><\/span><div class=\"wp-block-cover__inner-container is-layout-flow wp-block-cover-is-layout-flow\">\n<p class=\"has-text-align-left has-black-color has-text-color\"><strong>Euskera y literatura<\/strong><\/p>\n\n\n\n<p class=\"has-black-color has-text-color has-small-font-size\">Iker Go\u00f1i, Sara Aramendi, Miren Usabiaga, Irati Muxika, Haizea Saez de Eguilaz<\/p>\n<\/div><\/div>\n<\/div>\n\n\n\n<div class=\"wp-block-column is-layout-flow wp-block-column-is-layout-flow\">\n<div class=\"wp-block-cover is-light\" style=\"min-height:50px\"><span aria-hidden=\"true\" class=\"wp-block-cover__background has-background-dim-100 has-background-dim\" style=\"background-color:#f7f7fc\"><\/span><div class=\"wp-block-cover__inner-container is-layout-flow wp-block-cover-is-layout-flow\">\n<p class=\"has-black-color has-text-color\"><strong>Lengua castellana y literatura<\/strong><\/p>\n\n\n\n<p class=\"has-black-color has-text-color has-small-font-size\">Ane Sobreviela, Maite Ruiz de Azua, Sara Alberdi, Iker Go\u00f1i<\/p>\n<\/div><\/div>\n<\/div>\n<\/div>\n\n\n\n<div class=\"wp-block-columns is-layout-flex wp-container-26 wp-block-columns-is-layout-flex\">\n<div class=\"wp-block-column is-layout-flow wp-block-column-is-layout-flow\">\n<div class=\"wp-block-cover is-light\" style=\"min-height:50px\"><span aria-hidden=\"true\" class=\"wp-block-cover__background has-background-dim-100 has-background-dim\" style=\"background-color:#f7f7fc\"><\/span><div class=\"wp-block-cover__inner-container is-layout-flow wp-block-cover-is-layout-flow\">\n<p class=\"has-black-color has-text-color\"><strong>Ingl\u00e9s<\/strong><\/p>\n\n\n\n<p class=\"has-black-color has-text-color has-small-font-size\">Maitane Segura, Itxaro Sarasola, Eoghan O\u2019Ciarmhac<\/p>\n<\/div><\/div>\n<\/div>\n\n\n\n<div class=\"wp-block-column is-layout-flow wp-block-column-is-layout-flow\">\n<div class=\"wp-block-cover is-light\" style=\"min-height:50px\"><span aria-hidden=\"true\" class=\"wp-block-cover__background has-background-dim-100 has-background-dim\" style=\"background-color:#f7f7fc\"><\/span><div class=\"wp-block-cover__inner-container is-layout-flow wp-block-cover-is-layout-flow\">\n<p class=\"has-black-color has-text-color\"><strong>Ciencias Sociales<\/strong><\/p>\n\n\n\n<p class=\"has-black-color has-text-color has-small-font-size\">Egoitz Sayar, Amets Esnaola, Lur Gaztelumendi <\/p>\n<\/div><\/div>\n<\/div>\n<\/div>\n\n\n\n<div class=\"wp-block-columns is-layout-flex wp-container-31 wp-block-columns-is-layout-flex\" style=\"padding-top:var(--wp--preset--spacing--30);padding-bottom:var(--wp--preset--spacing--30)\">\n<div class=\"wp-block-column is-layout-flow wp-block-column-is-layout-flow\">\n<div class=\"wp-block-cover is-light\" style=\"min-height:50px\"><span aria-hidden=\"true\" class=\"wp-block-cover__background has-background-dim-100 has-background-dim\" style=\"background-color:#f7f7fc\"><\/span><div class=\"wp-block-cover__inner-container is-layout-flow wp-block-cover-is-layout-flow\">\n<p class=\"has-text-align-left has-black-color has-text-color\"><strong>Educaci\u00f3n F\u00edsica<\/strong><\/p>\n\n\n\n<p class=\"has-black-color has-text-color has-small-font-size\">Unai Esnal, Nagore Alonso, Aitor Perez, Xabier Jauregi<\/p>\n<\/div><\/div>\n<\/div>\n\n\n\n<div class=\"wp-block-column is-layout-flow wp-block-column-is-layout-flow\">\n<div class=\"wp-block-cover is-light\" style=\"min-height:50px\"><span aria-hidden=\"true\" class=\"wp-block-cover__background has-background-dim-100 has-background-dim\" style=\"background-color:#f7f7fc\"><\/span><div class=\"wp-block-cover__inner-container is-layout-flow wp-block-cover-is-layout-flow\">\n<p class=\"has-black-color has-text-color\"><strong>Pl\u00e1stica<\/strong><\/p>\n\n\n\n<p class=\"has-black-color has-text-color has-small-font-size\">I\u00f1aki Zapirain, I\u00f1igo Jaka, Iker Go\u00f1i<\/p>\n<\/div><\/div>\n<\/div>\n<\/div>\n\n\n\n<div class=\"wp-block-columns is-layout-flex wp-container-36 wp-block-columns-is-layout-flex\" style=\"padding-top:var(--wp--preset--spacing--30);padding-bottom:var(--wp--preset--spacing--30)\">\n<div class=\"wp-block-column is-layout-flow wp-block-column-is-layout-flow\">\n<div class=\"wp-block-cover is-light\" style=\"min-height:50px\"><span aria-hidden=\"true\" class=\"wp-block-cover__background has-background-dim-100 has-background-dim\" style=\"background-color:#f7f7fc\"><\/span><div class=\"wp-block-cover__inner-container is-layout-flow wp-block-cover-is-layout-flow\">\n<p class=\"has-text-align-left has-black-color has-text-color\"><strong>Econom\u00eda<\/strong><\/p>\n\n\n\n<p class=\"has-black-color has-text-color has-small-font-size\">Gaskon Etxeberria<\/p>\n<\/div><\/div>\n<\/div>\n\n\n\n<div class=\"wp-block-column is-layout-flow wp-block-column-is-layout-flow\">\n<div class=\"wp-block-cover is-light\" style=\"min-height:50px\"><span aria-hidden=\"true\" class=\"wp-block-cover__background has-background-dim-100 has-background-dim\" style=\"background-color:#f7f7fc\"><\/span><div class=\"wp-block-cover__inner-container is-layout-flow wp-block-cover-is-layout-flow\">\n<p class=\"has-black-color has-text-color\"><strong>Lat\u00edn<\/strong><\/p>\n\n\n\n<p class=\"has-black-color has-text-color has-small-font-size\">Maite Ruiz de Azua<\/p>\n<\/div><\/div>\n<\/div>\n<\/div>\n\n\n\n<div class=\"wp-block-columns is-layout-flex wp-container-45 wp-block-columns-is-layout-flex\" style=\"padding-top:var(--wp--preset--spacing--30);padding-bottom:var(--wp--preset--spacing--30)\">\n<div class=\"wp-block-column is-layout-flow wp-block-column-is-layout-flow\">\n<div class=\"wp-block-cover is-light\" style=\"min-height:50px\"><span aria-hidden=\"true\" class=\"wp-block-cover__background has-background-dim-100 has-background-dim\" style=\"background-color:#f7f7fc\"><\/span><div class=\"wp-block-cover__inner-container is-layout-flow wp-block-cover-is-layout-flow\">\n<p class=\"has-text-align-left has-black-color has-text-color\"><strong>M\u00fasica<\/strong><\/p>\n\n\n\n<p class=\"has-black-color has-text-color has-small-font-size\">Gema Ines<\/p>\n\n\n\n<div style=\"height:137px\" aria-hidden=\"true\" class=\"wp-block-spacer\"><\/div>\n<\/div><\/div>\n<\/div>\n\n\n\n<div class=\"wp-block-column is-layout-flow wp-block-column-is-layout-flow\">\n<div class=\"wp-block-cover is-light\" style=\"min-height:50px\"><span aria-hidden=\"true\" class=\"wp-block-cover__background has-background-dim-100 has-background-dim\" style=\"background-color:#f7f7fc\"><\/span><div class=\"wp-block-cover__inner-container is-layout-flow wp-block-cover-is-layout-flow\">\n<p class=\"has-black-color has-text-color\"><strong>Tecnolog\u00eda<\/strong><\/p>\n\n\n\n<p class=\"has-black-color has-text-color has-small-font-size\">Manex Eizmendi, Ane Gallastegi, Ekaitz Etxeberria<\/p>\n\n\n\n<div style=\"height:117px\" aria-hidden=\"true\" class=\"wp-block-spacer\"><\/div>\n<\/div><\/div>\n<\/div>\n\n\n\n<div class=\"wp-block-column is-layout-flow wp-block-column-is-layout-flow\">\n<div class=\"wp-block-cover is-light\" style=\"min-height:50px\"><span aria-hidden=\"true\" class=\"wp-block-cover__background has-background-dim-100 has-background-dim\" style=\"background-color:#f7f7fc\"><\/span><div class=\"wp-block-cover__inner-container is-layout-flow wp-block-cover-is-layout-flow\">\n<p class=\"has-black-color has-text-color\"><strong>\u00c9tica<\/strong><\/p>\n\n\n\n<p class=\"has-black-color has-text-color has-small-font-size\">Ane Badiola<\/p>\n\n\n\n<div style=\"height:137px\" aria-hidden=\"true\" class=\"wp-block-spacer\"><\/div>\n<\/div><\/div>\n<\/div>\n\n\n\n<div class=\"wp-block-column is-layout-flow wp-block-column-is-layout-flow\">\n<div class=\"wp-block-cover is-light\" style=\"min-height:50px\"><span aria-hidden=\"true\" class=\"wp-block-cover__background has-background-dim-100 has-background-dim\" style=\"background-color:#f7f7fc\"><\/span><div class=\"wp-block-cover__inner-container is-layout-flow wp-block-cover-is-layout-flow\">\n<p class=\"has-black-color has-text-color\"><strong>Valores y proyectos comunitarios<\/strong><\/p>\n\n\n\n<p class=\"has-black-color has-text-color has-small-font-size\">Nerea Maiz, Gema Ines, Ane Sobreviela, Sara Aramendi, Egoitz Sayar, Aitor Perez, Ekaitz Etxeberria, Nerea Laurenz, Egoitz Verdugo, Maitane Segura, Ane Gallastegi, Eoghan O&#8217;Ciarmhac<\/p>\n<\/div><\/div>\n<\/div>\n<\/div>\n\n\n\n<div class=\"wp-block-columns is-layout-flex wp-container-52 wp-block-columns-is-layout-flex\" style=\"padding-top:var(--wp--preset--spacing--30);padding-bottom:var(--wp--preset--spacing--30)\">\n<div class=\"wp-block-column is-layout-flow wp-block-column-is-layout-flow\">\n<div class=\"wp-block-cover is-light\" style=\"min-height:193px\"><span aria-hidden=\"true\" class=\"wp-block-cover__background has-background-dim-100 has-background-dim\" style=\"background-color:#f7f7fc\"><\/span><div class=\"wp-block-cover__inner-container is-layout-flow wp-block-cover-is-layout-flow\">\n<div class=\"wp-block-columns is-layout-flex wp-container-49 wp-block-columns-is-layout-flex\">\n<div class=\"wp-block-column is-layout-flow wp-block-column-is-layout-flow\">\n<p class=\"has-black-color has-text-color\"><strong>Optativas y de modalidad <\/strong><\/p>\n<\/div>\n\n\n\n<div class=\"wp-block-column is-layout-flow wp-block-column-is-layout-flow\">\n<p class=\"has-black-color has-text-color has-small-font-size\">\u00b7 Franc\u00e9s: Olatz Mimendia<br>\u00b7 M\u00fasica: Gema Ines, Ane Sobreviela<br>\u00b7 Taller de matem\u00e1ticas: Mikel Saez de Eguilaz, Oihana Moreno<br>\u00b7 Digitalizaci\u00f3n: Ekaitz Etxeberria<br>\u00b7 Taller de creatividad: I\u00f1aki Zapirain<br>\u00b7 Expresi\u00f3n art\u00edstica: I\u00f1aki Zapirain<\/p>\n<\/div>\n\n\n\n<div class=\"wp-block-column is-layout-flow wp-block-column-is-layout-flow\">\n<p class=\"has-black-color has-text-color has-small-font-size\">\u00b7 Salud F\u00edsica y Emocional (OKE): Nagore Alonso, Unai Esnal, Xabier Jauregi, Aitor Perez<br>\u00b7 Desarrollo del Pensamiento Aut\u00f3nomo y Cr\u00edtico (Taller de Comunicaci\u00f3n): Haizea Saez de Eguilaz<br>\u00b7 Filosof\u00eda: Olatz Mimendia<\/p>\n<\/div>\n<\/div>\n<\/div><\/div>\n<\/div>\n<\/div>\n\n\n\n<div style=\"height:25px\" aria-hidden=\"true\" class=\"wp-block-spacer\"><\/div>\n\n\n\n<div class=\"wp-block-cover is-light\" style=\"min-height:50px\"><span aria-hidden=\"true\" class=\"wp-block-cover__background has-background-dim-100 has-background-dim\" style=\"background-color:#adafb0\"><\/span><div class=\"wp-block-cover__inner-container is-layout-flow wp-block-cover-is-layout-flow\">\n<h4 class=\"wp-block-heading has-text-align-center has-white-color has-text-color\"><strong>EQUIPO DIRECTIVO<\/strong><\/h4>\n<\/div><\/div>\n\n\n\n<div style=\"height:15px\" aria-hidden=\"true\" class=\"wp-block-spacer\"><\/div>\n\n\n\n<div class=\"wp-block-cover is-light\" style=\"padding-top:var(--wp--preset--spacing--30);padding-bottom:var(--wp--preset--spacing--30);min-height:50px\"><span aria-hidden=\"true\" class=\"wp-block-cover__background has-background-dim-100 has-background-dim\" style=\"background-color:#f7f7fc\"><\/span><div class=\"wp-block-cover__inner-container is-layout-flow wp-block-cover-is-layout-flow\">\n<div class=\"wp-block-columns is-layout-flex wp-container-57 wp-block-columns-is-layout-flex\">\n<div class=\"wp-block-column is-layout-flow wp-block-column-is-layout-flow\">\n<p class=\"has-black-color has-text-color\"><strong>Directora<\/strong><\/p>\n\n\n\n<p class=\"has-black-color has-text-color has-small-font-size\">Olatz Mimendia<\/p>\n\n\n\n<p class=\"has-black-color has-text-color\"><strong>Coordinadores<\/strong><\/p>\n\n\n\n<p class=\"has-black-color has-text-color has-small-font-size\">\u00b7 DBH1 y DBH2: Unai Esnal<br>\u00b7 DBH3 y DBH4: Maitane Segura<\/p>\n\n\n\n<p><strong>Miembros del equipo de innovaci\u00f3n pedag\u00f3gica<\/strong><\/p>\n\n\n\n<p class=\"has-small-font-size\">\u00b7 Nerea Laurenz<br>\u00b7 Maialen Garmendia<\/p>\n<\/div>\n\n\n\n<div class=\"wp-block-column is-layout-flow wp-block-column-is-layout-flow\">\n<p class=\"has-black-color has-text-color\"><strong>Miembros del equipo de orientaci\u00f3n<\/strong> <strong>y formaci\u00f3n<\/strong><\/p>\n\n\n\n<p class=\"has-black-color has-text-color has-small-font-size\">Ane Igarzabal<\/p>\n\n\n\n<p class=\"has-black-color has-text-color\"><strong>Miembros del equipo de necesidades especiales<\/strong><\/p>\n\n\n\n<p class=\"has-black-color has-text-color has-small-font-size\">Amaia Olaso<\/p>\n<\/div>\n\n\n\n<div class=\"wp-block-column is-layout-flow wp-block-column-is-layout-flow\">\n<p class=\"has-black-color has-text-color\"><strong>Miembros de HIZPRO y Euskaraz Bizi<\/strong><\/p>\n\n\n\n<p class=\"has-black-color has-text-color has-small-font-size\">\u00b7 Maitane Segura<br>\u00b7 Sara Aramendi<br>\u00b7 I\u00f1aki Zapirain<\/p>\n\n\n\n<p><strong>Miembros de la iniciativa Zubiak Eraikiz<\/strong><\/p>\n\n\n\n<p class=\"has-small-font-size\">\u00b7 Irati Muxika<br>\u00b7 Haizea Saez de Eguilaz<\/p>\n<\/div>\n<\/div>\n<\/div><\/div>\n","protected":false},"excerpt":{"rendered":"<p>DBH<\/p>\n","protected":false},"author":2,"featured_media":0,"parent":3047,"menu_order":0,"comment_status":"closed","ping_status":"closed","template":"","meta":[],"acf":[],"_links":{"self":[{"href":"https:\/\/oreretaikastola.eus\/es\/wp-json\/wp\/v2\/pages\/29248"}],"collection":[{"href":"https:\/\/oreretaikastola.eus\/es\/wp-json\/wp\/v2\/pages"}],"about":[{"href":"https:\/\/oreretaikastola.eus\/es\/wp-json\/wp\/v2\/types\/page"}],"author":[{"embeddable":true,"href":"https:\/\/oreretaikastola.eus\/es\/wp-json\/wp\/v2\/users\/2"}],"replies":[{"embeddable":true,"href":"https:\/\/oreretaikastola.eus\/es\/wp-json\/wp\/v2\/comments?post=29248"}],"version-history":[{"count":80,"href":"https:\/\/oreretaikastola.eus\/es\/wp-json\/wp\/v2\/pages\/29248\/revisions"}],"predecessor-version":[{"id":74266,"href":"https:\/\/oreretaikastola.eus\/es\/wp-json\/wp\/v2\/pages\/29248\/revisions\/74266"}],"up":[{"embeddable":true,"href":"https:\/\/oreretaikastola.eus\/es\/wp-json\/wp\/v2\/pages\/3047"}],"wp:attachment":[{"href":"https:\/\/oreretaikastola.eus\/es\/wp-json\/wp\/v2\/media?parent=29248"}],"curies":[{"name":"wp","href":"https:\/\/api.w.org\/{rel}","templated":true}]}}