{"id":8438,"date":"2021-01-14T16:21:43","date_gmt":"2021-01-14T15:21:43","guid":{"rendered":"https:\/\/oreretaikastola.eus\/ekitaldiak\/hezkuntza-eguna\/"},"modified":"2021-01-16T15:30:00","modified_gmt":"2021-01-16T14:30:00","slug":"hezkuntza-eguna","status":"publish","type":"ekitaldia","link":"https:\/\/oreretaikastola.eus\/es\/ekitaldiak\/hezkuntza-eguna\/","title":{"rendered":"Hezkuntza Eguna"},"content":{"rendered":"\n<p>En los dos \u00faltimos a\u00f1os la Ikastola ha organizado la Semana de la Educaci\u00f3n a finales de enero, coincidiendo con el D\u00eda Internacional de la Educaci\u00f3n. Este a\u00f1o, por el COVID-19, aunque no organizaremos la semana, celebraremos el D\u00eda Internacional de la Educaci\u00f3n.<\/p>\n\n\n\n<p>El 24 de enero, D\u00eda Internacional de la Educaci\u00f3n, celebraremos una sesi\u00f3n de teatro familiar en el auditorio de Niessen. Se tratar\u00e1 de la obra \u201cEhiztari ehizatua\u201d (en euskera) de la compa\u00f1\u00eda Patata Tropikala. Es un trabajo creado durante el confinamiento y trata sobre el empoderamiento de la mujer. Est\u00e1 dirigido a ni\u00f1os y ni\u00f1as de entre 3 a 12 a\u00f1os.<\/p>\n\n\n\n<div style=\"height:50px\" aria-hidden=\"true\" class=\"wp-block-spacer\"><\/div>\n\n\n\n<hr class=\"wp-block-separator\"\/>\n\n\n\n<div class=\"wp-block-cover has-background-dim\" style=\"background-color:#f7f7fc;min-height:142px\"><div class=\"wp-block-cover__inner-container is-layout-flow wp-block-cover-is-layout-flow\">\n<h3 class=\"wp-block-heading\"><strong><span class=\"has-inline-color has-black-color\">Solicita aqu\u00ed tus entradas<\/span><\/strong><\/h3>\n\n\n\n<p><span class=\"has-inline-color has-black-color\">Las entradas est\u00e1n agotadas.<\/span><\/p>\n<\/div><\/div>\n","protected":false},"featured_media":8471,"parent":0,"template":"","ekitaldi_etiketa":[226],"ekitaldi_kategoria":[153],"acf":[],"_links":{"self":[{"href":"https:\/\/oreretaikastola.eus\/es\/wp-json\/wp\/v2\/ekitaldia\/8438"}],"collection":[{"href":"https:\/\/oreretaikastola.eus\/es\/wp-json\/wp\/v2\/ekitaldia"}],"about":[{"href":"https:\/\/oreretaikastola.eus\/es\/wp-json\/wp\/v2\/types\/ekitaldia"}],"wp:featuredmedia":[{"embeddable":true,"href":"https:\/\/oreretaikastola.eus\/es\/wp-json\/wp\/v2\/media\/8471"}],"wp:attachment":[{"href":"https:\/\/oreretaikastola.eus\/es\/wp-json\/wp\/v2\/media?parent=8438"}],"wp:term":[{"taxonomy":"ekitaldi_etiketa","embeddable":true,"href":"https:\/\/oreretaikastola.eus\/es\/wp-json\/wp\/v2\/ekitaldi_etiketa?post=8438"},{"taxonomy":"ekitaldi_kategoria","embeddable":true,"href":"https:\/\/oreretaikastola.eus\/es\/wp-json\/wp\/v2\/ekitaldi_kategoria?post=8438"}],"curies":[{"name":"wp","href":"https:\/\/api.w.org\/{rel}","templated":true}]}}