{"id":74980,"date":"2025-09-29T10:06:18","date_gmt":"2025-09-29T09:06:18","guid":{"rendered":"https:\/\/oreretaikastola.eus\/ekitaldiak\/lh3-dbh4-urdaburu-2025-26-1-mendi-irteera\/"},"modified":"2025-09-29T10:16:04","modified_gmt":"2025-09-29T09:16:04","slug":"lh3-dbh4-urdaburu-2025-26-1a-excursion","status":"publish","type":"ekitaldia","link":"https:\/\/oreretaikastola.eus\/es\/ekitaldiak\/lh3-dbh4-urdaburu-2025-26-1a-excursion\/","title":{"rendered":"[LH3-DBH4] Urdaburu 2025-26: 1\u00aa excursi\u00f3n"},"content":{"rendered":"\n<p>La primera de las excursiones del curso 2025-26 que la Ikastola organiza junto a Urdaburu Mendizale Elkartea se celebrar\u00e1 el 12 de octubre. El objetivo de este a\u00f1o es conocer los tesoros de la costa guipuzcoana. La del 12 de octubre ser\u00e1 la primera excursi\u00f3n y recorrer\u00e1 el litoral que va desde Hondarribia a Orereta-Errenteria. <\/p>\n\n\n\n<p><a href=\"\/app\/uploads\/2025\/09\/Urdaburu-Orereta-Ikastola-Gipuzkoako-kostaldeko-altxorrak-1-irteera-Hondarribia-Orereta-Errenteria.pdf\">Aqu\u00ed dispon\u00e9is de m\u00e1s detalles<\/a>; y abajo ten\u00e9is el formulario de inscripci\u00f3n. El plazo de inscripci\u00f3n finaliza el 8 de octubre.<\/p>\n\n\n\n<div style=\"height:50px\" aria-hidden=\"true\" class=\"wp-block-spacer\"><\/div>\n\n\n\n<hr class=\"wp-block-separator has-alpha-channel-opacity\"\/>\n\n\n","protected":false},"featured_media":0,"parent":0,"template":"","ekitaldi_etiketa":[],"ekitaldi_kategoria":[232],"acf":[],"_links":{"self":[{"href":"https:\/\/oreretaikastola.eus\/es\/wp-json\/wp\/v2\/ekitaldia\/74980"}],"collection":[{"href":"https:\/\/oreretaikastola.eus\/es\/wp-json\/wp\/v2\/ekitaldia"}],"about":[{"href":"https:\/\/oreretaikastola.eus\/es\/wp-json\/wp\/v2\/types\/ekitaldia"}],"wp:attachment":[{"href":"https:\/\/oreretaikastola.eus\/es\/wp-json\/wp\/v2\/media?parent=74980"}],"wp:term":[{"taxonomy":"ekitaldi_etiketa","embeddable":true,"href":"https:\/\/oreretaikastola.eus\/es\/wp-json\/wp\/v2\/ekitaldi_etiketa?post=74980"},{"taxonomy":"ekitaldi_kategoria","embeddable":true,"href":"https:\/\/oreretaikastola.eus\/es\/wp-json\/wp\/v2\/ekitaldi_kategoria?post=74980"}],"curies":[{"name":"wp","href":"https:\/\/api.w.org\/{rel}","templated":true}]}}