{"id":7354,"date":"2020-12-01T08:37:11","date_gmt":"2020-12-01T07:37:11","guid":{"rendered":"https:\/\/oreretaikastola.eus\/ekitaldiak\/euskararen-eguna-2020\/"},"modified":"2020-12-01T08:59:14","modified_gmt":"2020-12-01T07:59:14","slug":"euskararen-eguna-2020","status":"publish","type":"ekitaldia","link":"https:\/\/oreretaikastola.eus\/es\/ekitaldiak\/euskararen-eguna-2020\/","title":{"rendered":"Euskararen Eguna 2020"},"content":{"rendered":"\n<p>Como todos los a\u00f1os, este curso tambi\u00e9n celebraremos <strong>Euskararen Eguna<\/strong> en la <strong>Ikastola<\/strong>.<\/p>\n\n\n\n<h4 class=\"wp-block-heading\"><strong>HH<\/strong><\/h4>\n\n\n\n<p>DEL 23 DE NOVIEMBRE AL 3 DE DICIEMBRE<\/p>\n\n\n\n<ul><li>0-1-2 a\u00f1os: pintar el mural de cumplea\u00f1os de <strong>Argitxo<\/strong><\/li><li>3-4-5 a\u00f1os: hacer banderolas y adornar la <strong>Ikastola<\/strong><\/li><li>3 a\u00f1os: realizar caretas de <strong>Argitxo<\/strong><\/li><li>4 a\u00f1os: realizar el mu\u00f1eco de <strong>Argitxo<\/strong><\/li><li>5 a\u00f1os: realizar el juego \u00abTxintxarri Ero\u00bb de <strong>Argitxo<\/strong><\/li><li>En todas las aulas, contar un cuento de <strong>Argitxo<\/strong> todos los d\u00edas<\/li><\/ul>\n\n\n\n<p>3 DE DICIEMBRE<\/p>\n\n\n\n<ul><li>0-1-2-3 a\u00f1os (Esmalteria): celebrar el cumplea\u00f1os de <strong>Argitxo<\/strong><\/li><li>4-5 a\u00f1os (Lino): por la ma\u00f1ana, euskal karaokea y hamaiketako especial para celebrar el cumplea\u00f1os de <strong>Argitxo<\/strong> | Por la tarde, darle a <strong>Argitxo <\/strong>los dibujos realizados<\/li><\/ul>\n\n\n\n<h4 class=\"wp-block-heading\"><strong>LH<\/strong><\/h4>\n\n\n\n<p>LH1-LH2-LH3: En busca del candil de <strong>Argitxo<\/strong>, juegos, karaoke&#8230;<br>LH-LH5-LH6: kahoot<br>Un peque\u00f1o capricho para cada alumno y alumna<\/p>\n\n\n\n<h4 class=\"wp-block-heading\"><strong>DBH<\/strong><\/h4>\n\n\n\n<p>Adem\u00e1s de lo que se trabajar\u00e1 en el aula, el alumnado de DBH podr\u00e1 disfrutar de lo que ya se ha convertido en costumbre en la<strong> Ikastola<\/strong>: del bertso-saio y del mon\u00f3logo.<\/p>\n","protected":false},"featured_media":7353,"parent":0,"template":"","ekitaldi_etiketa":[159],"ekitaldi_kategoria":[153],"acf":[],"_links":{"self":[{"href":"https:\/\/oreretaikastola.eus\/es\/wp-json\/wp\/v2\/ekitaldia\/7354"}],"collection":[{"href":"https:\/\/oreretaikastola.eus\/es\/wp-json\/wp\/v2\/ekitaldia"}],"about":[{"href":"https:\/\/oreretaikastola.eus\/es\/wp-json\/wp\/v2\/types\/ekitaldia"}],"wp:featuredmedia":[{"embeddable":true,"href":"https:\/\/oreretaikastola.eus\/es\/wp-json\/wp\/v2\/media\/7353"}],"wp:attachment":[{"href":"https:\/\/oreretaikastola.eus\/es\/wp-json\/wp\/v2\/media?parent=7354"}],"wp:term":[{"taxonomy":"ekitaldi_etiketa","embeddable":true,"href":"https:\/\/oreretaikastola.eus\/es\/wp-json\/wp\/v2\/ekitaldi_etiketa?post=7354"},{"taxonomy":"ekitaldi_kategoria","embeddable":true,"href":"https:\/\/oreretaikastola.eus\/es\/wp-json\/wp\/v2\/ekitaldi_kategoria?post=7354"}],"curies":[{"name":"wp","href":"https:\/\/api.w.org\/{rel}","templated":true}]}}