{"id":72369,"date":"2025-06-04T00:18:24","date_gmt":"2025-06-03T23:18:24","guid":{"rendered":"https:\/\/oreretaikastola.eus\/?post_type=ekitaldia&#038;p=72369"},"modified":"2025-06-04T11:22:08","modified_gmt":"2025-06-04T10:22:08","slug":"trabajo-comunitario-desbroce-en-anabitarte","status":"publish","type":"ekitaldia","link":"https:\/\/oreretaikastola.eus\/es\/ekitaldiak\/trabajo-comunitario-desbroce-en-anabitarte\/","title":{"rendered":"Trabajo comunitario: desbroce en A\u00f1abitarte"},"content":{"rendered":"\n<p>El curso escolar est\u00e1 a punto de finalizar y los d\u00edas en los que el alumnado no est\u00e1 en la Ikastola suelen ser propicios para diversas labores de mantenimiento. En nuestro caso, entre otras cosas, para limpiar las zonas verdes de A\u00f1abitarte. La baso eskola, la huerta, los prados, las chascas y los \u00e1rboles que utilizan las y los alumnos a lo largo del curso son un tesoro. Durante el curso escolar se realizan tareas de mantenimiento y para su correcto cuidado tambi\u00e9n  se requieren tareas puntuales de limpieza m\u00e1s exhaustivas.<\/p>\n\n\n\n<p>Estas labores de limpieza m\u00e1s exhaustivas las realizaremos de forma comunitaria los d\u00edas 21 y 28 de junio (puede haber cambios en funci\u00f3n de la previsi\u00f3n del tiempo). Para ello ya est\u00e1 formado el grupo motor. Son miembros de Ikastola con experiencia en este tipo de trabajos y tienen definido el trabajo y el modo de llevarlo a cabo. Necesitan ayudantes para realizar las tareas con mayor facilidad y rapidez. <\/p>\n\n\n\n<p>\u00bfAlguna vez has estado cortando hierba, zarzas y\/o matorrales? Rellena el formulario inferior y ayuda a mantener A\u00f1abitarte bonito y cuidado. \u00a1Animaos, tenemos un entorno maravilloso en A\u00f1abitarte y sigamos cuid\u00e1ndolo!<\/p>\n\n\n\n<div style=\"height:50px\" aria-hidden=\"true\" class=\"wp-block-spacer\"><\/div>\n\n\n\n<hr class=\"wp-block-separator has-alpha-channel-opacity\"\/>\n\n\n","protected":false},"featured_media":0,"parent":0,"template":"","ekitaldi_etiketa":[],"ekitaldi_kategoria":[232],"acf":[],"_links":{"self":[{"href":"https:\/\/oreretaikastola.eus\/es\/wp-json\/wp\/v2\/ekitaldia\/72369"}],"collection":[{"href":"https:\/\/oreretaikastola.eus\/es\/wp-json\/wp\/v2\/ekitaldia"}],"about":[{"href":"https:\/\/oreretaikastola.eus\/es\/wp-json\/wp\/v2\/types\/ekitaldia"}],"wp:attachment":[{"href":"https:\/\/oreretaikastola.eus\/es\/wp-json\/wp\/v2\/media?parent=72369"}],"wp:term":[{"taxonomy":"ekitaldi_etiketa","embeddable":true,"href":"https:\/\/oreretaikastola.eus\/es\/wp-json\/wp\/v2\/ekitaldi_etiketa?post=72369"},{"taxonomy":"ekitaldi_kategoria","embeddable":true,"href":"https:\/\/oreretaikastola.eus\/es\/wp-json\/wp\/v2\/ekitaldi_kategoria?post=72369"}],"curies":[{"name":"wp","href":"https:\/\/api.w.org\/{rel}","templated":true}]}}