{"id":70454,"date":"2025-03-26T11:27:05","date_gmt":"2025-03-26T10:27:05","guid":{"rendered":"https:\/\/oreretaikastola.eus\/ekitaldiak\/arnasa-elkartearen-aldeko-azoka-solidarioa\/"},"modified":"2025-03-26T11:51:38","modified_gmt":"2025-03-26T10:51:38","slug":"mercadillo-solidario-a-favor-de-la-asociacion-arnasa","status":"publish","type":"ekitaldia","link":"https:\/\/oreretaikastola.eus\/es\/ekitaldiak\/mercadillo-solidario-a-favor-de-la-asociacion-arnasa\/","title":{"rendered":"Mercadillo solidario a favor de la asociaci\u00f3n Arnasa"},"content":{"rendered":"\n<p>Las y los alumnos de LH6 est\u00e1n organizando un mercadillo solidario a favor de la <a href=\"https:\/\/www.fqeuskadi.org\/arnasa\/\" target=\"_blank\" rel=\"noreferrer noopener\">asociaci\u00f3n Arnasa<\/a> (Asociaci\u00f3n de Fibrosis Qu\u00edstica de Euskadi), distribuy\u00e9ndose los trabajos y organiz\u00e1ndose en diferentes grupos. La plazas de Niessen y Lehendakari Agirre acoger\u00e1n el 31 de marzo por la ma\u00f1ana la venta de juegos y juguetes de 2\u00aa mano, art\u00edculos hechos a mano y merchandising de Arnasa. \u00bfOs anim\u00e1is?<\/p>\n\n\n\n<h4 class=\"wp-block-heading\"><strong>\u00bfCu\u00e1l es el origen de la iniciativa?<\/strong><\/h4>\n\n\n\n<p>El mercadillo solidario a favor de la asociaci\u00f3n Arnasa es fruto de un proyecto interdisciplinar. Proyecto interdisplinar que tiene su origen en la asignatura de \u201cIngurunea\u201d, ya que han estado estudiando las organizaciones no gubernamentales: qu\u00e9 son, qu\u00e9 hacen&#8230; Se han encontrado con Arnasa al empezar a buscar entidades de dichas caracter\u00edsticas en su alrededor. As\u00ed, han organizado un mercadillo solidario incorporando a la organizaci\u00f3n del mismo materia y contenidos de otras asignaturas que no son \u201cIngurunea\u201d, y creando comisiones de trabajo compuestas de miembros de diferentes aulas.<\/p>\n","protected":false},"featured_media":0,"parent":0,"template":"","ekitaldi_etiketa":[1081,852],"ekitaldi_kategoria":[232,154],"acf":[],"_links":{"self":[{"href":"https:\/\/oreretaikastola.eus\/es\/wp-json\/wp\/v2\/ekitaldia\/70454"}],"collection":[{"href":"https:\/\/oreretaikastola.eus\/es\/wp-json\/wp\/v2\/ekitaldia"}],"about":[{"href":"https:\/\/oreretaikastola.eus\/es\/wp-json\/wp\/v2\/types\/ekitaldia"}],"wp:attachment":[{"href":"https:\/\/oreretaikastola.eus\/es\/wp-json\/wp\/v2\/media?parent=70454"}],"wp:term":[{"taxonomy":"ekitaldi_etiketa","embeddable":true,"href":"https:\/\/oreretaikastola.eus\/es\/wp-json\/wp\/v2\/ekitaldi_etiketa?post=70454"},{"taxonomy":"ekitaldi_kategoria","embeddable":true,"href":"https:\/\/oreretaikastola.eus\/es\/wp-json\/wp\/v2\/ekitaldi_kategoria?post=70454"}],"curies":[{"name":"wp","href":"https:\/\/api.w.org\/{rel}","templated":true}]}}