{"id":60362,"date":"2024-07-03T09:18:44","date_gmt":"2024-07-03T08:18:44","guid":{"rendered":"https:\/\/oreretaikastola.eus\/?post_type=ekitaldia&#038;p=60362"},"modified":"2024-07-03T09:38:48","modified_gmt":"2024-07-03T08:38:48","slug":"madalenak-2024-erriola-gunea","status":"publish","type":"ekitaldia","link":"https:\/\/oreretaikastola.eus\/es\/ekitaldiak\/madalenak-2024-erriola-gunea\/","title":{"rendered":"Madalenak 2024: Erriola Gunea"},"content":{"rendered":"\n<p>En breve estaremos en <strong>Madalenas<\/strong> y, como cada a\u00f1o, ah\u00ed estar\u00e1 en la plaza Koldo Mitxelena el espacio de <strong>Orereta Ikastola<\/strong>: <strong>Erriola Gunea<\/strong>, con una amplia oferta cultural, adem\u00e1s de la gastron\u00f3mica. Se dar\u00e1n a conocer las novedades y el d\u00eda a d\u00eda de la propuesta cultural <a rel=\"noreferrer noopener\" href=\"https:\/\/www.instagram.com\/erriola_gunea\/\" target=\"_blank\">a trav\u00e9s del canal de Instagram de <strong>Erriola Gunea<\/strong><\/a>. Por tanto, estad atentos y atentas \ud83d\ude42<\/p>\n\n\n\n<p>Si quieres trabajar de voluntario o voluntaria en <strong>Erriola Gunea<\/strong>, inscr\u00edbete <a href=\"https:\/\/docs.google.com\/forms\/d\/e\/1FAIpQLSdeiukEPw6aJChG9MN20Nqtzc2ZaM6Jn5gt8R2lv8XUNEo9yQ\/viewform?pli=1\" target=\"_blank\" rel=\"noreferrer noopener\">aqu\u00ed<\/a>.<\/p>\n\n\n\n<div style=\"height:25px\" aria-hidden=\"true\" class=\"wp-block-spacer\"><\/div>\n\n\n\n<hr class=\"wp-block-separator has-alpha-channel-opacity\"\/>\n\n\n\n<h2 class=\"wp-block-heading has-text-align-center has-link-color wp-elements-bf777df52095f90fd9decfea02d17786\"><strong><a href=\"\/app\/uploads\/2024\/07\/Orereta-Ikastola-Erriola-Gunea-24-egitaraua-logoekin.jpg\">PROGRAMA DE ERRIOLA GUNEA<\/a><\/strong><\/h2>\n\n\n\n<hr class=\"wp-block-separator has-alpha-channel-opacity\"\/>\n\n\n<div class=\"wp-block-image\">\n<figure data-tanit-img-width=\"1131\" data-tanit-img-height=\"1600\" class=\"aligncenter size-large is-resized\"><a href=\"\/app\/uploads\/2024\/07\/Orereta-Ikastola-Erriola-Gunea-24-egitaraua-logoekin.jpg\"><img decoding=\"async\" loading=\"lazy\" src=\"\/app\/uploads\/2024\/07\/Orereta-Ikastola-Erriola-Gunea-24-egitaraua-logoekin-724x1024.jpg\" alt=\"\" class=\"wp-image-60346\" width=\"724\" height=\"1024\" srcset=\"\/app\/uploads\/2024\/07\/Orereta-Ikastola-Erriola-Gunea-24-egitaraua-logoekin-724x1024.jpg 724w, \/app\/uploads\/2024\/07\/Orereta-Ikastola-Erriola-Gunea-24-egitaraua-logoekin-212x300.jpg 212w, \/app\/uploads\/2024\/07\/Orereta-Ikastola-Erriola-Gunea-24-egitaraua-logoekin-768x1086.jpg 768w, \/app\/uploads\/2024\/07\/Orereta-Ikastola-Erriola-Gunea-24-egitaraua-logoekin-1086x1536.jpg 1086w, \/app\/uploads\/2024\/07\/Orereta-Ikastola-Erriola-Gunea-24-egitaraua-logoekin.jpg 1131w\" sizes=\"(max-width: 724px) 100vw, 724px\" \/><\/a><\/figure><\/div>","protected":false},"featured_media":56907,"parent":0,"template":"","ekitaldi_etiketa":[1030,1031],"ekitaldi_kategoria":[232,153],"acf":[],"_links":{"self":[{"href":"https:\/\/oreretaikastola.eus\/es\/wp-json\/wp\/v2\/ekitaldia\/60362"}],"collection":[{"href":"https:\/\/oreretaikastola.eus\/es\/wp-json\/wp\/v2\/ekitaldia"}],"about":[{"href":"https:\/\/oreretaikastola.eus\/es\/wp-json\/wp\/v2\/types\/ekitaldia"}],"wp:featuredmedia":[{"embeddable":true,"href":"https:\/\/oreretaikastola.eus\/es\/wp-json\/wp\/v2\/media\/56907"}],"wp:attachment":[{"href":"https:\/\/oreretaikastola.eus\/es\/wp-json\/wp\/v2\/media?parent=60362"}],"wp:term":[{"taxonomy":"ekitaldi_etiketa","embeddable":true,"href":"https:\/\/oreretaikastola.eus\/es\/wp-json\/wp\/v2\/ekitaldi_etiketa?post=60362"},{"taxonomy":"ekitaldi_kategoria","embeddable":true,"href":"https:\/\/oreretaikastola.eus\/es\/wp-json\/wp\/v2\/ekitaldi_kategoria?post=60362"}],"curies":[{"name":"wp","href":"https:\/\/api.w.org\/{rel}","templated":true}]}}