{"id":48581,"date":"2023-11-29T12:05:21","date_gmt":"2023-11-29T11:05:21","guid":{"rendered":"https:\/\/oreretaikastola.eus\/ekitaldiak\/lh3-dbh4-urdaburu-2023-24-4-mendi-irteera\/"},"modified":"2023-11-29T12:10:02","modified_gmt":"2023-11-29T11:10:02","slug":"lh3-dbh4-urdaburu-2023-24-4a-excursion","status":"publish","type":"ekitaldia","link":"https:\/\/oreretaikastola.eus\/es\/ekitaldiak\/lh3-dbh4-urdaburu-2023-24-4a-excursion\/","title":{"rendered":"[LH3-DBH4] Urdaburu 2023-24: 4\u00aa excursi\u00f3n"},"content":{"rendered":"\n<p>La pr\u00f3xima de las excursiones del curso 2023-24 que la Ikastola organiza junto a Urdaburu mendizale elkartea se celebrar\u00e1 el 17 de diciembre. El objetivo de este a\u00f1o es pisar varias cimas de Euskal Herria. La del 17 de diciembre ser\u00e1 la tercera excursi\u00f3n de la iniciativa de este a\u00f1o y subir\u00e1 a la cima de Ipuli\u00f1o, en el recorrido circular que empezar\u00e1 y finalizar\u00e1 en Berastegi.<\/p>\n\n\n\n<p><a href=\"\/app\/uploads\/2023\/11\/Urdaburu-Orereta-Ikastola-2023-24-3.-etapa-Berastegi-Ipulino-Berastegi.pdf\">Aqu\u00ed dispon\u00e9is de m\u00e1s detalles<\/a>; y abajo ten\u00e9is el formulario de inscripci\u00f3n. El plazo de inscripci\u00f3n finaliza el 13 de diciembre.<\/p>\n\n\n\n<div style=\"height:50px\" aria-hidden=\"true\" class=\"wp-block-spacer\"><\/div>\n\n\n\n<hr class=\"wp-block-separator has-alpha-channel-opacity\"\/>\n\n\n","protected":false},"featured_media":0,"parent":0,"template":"","ekitaldi_etiketa":[],"ekitaldi_kategoria":[232],"acf":[],"_links":{"self":[{"href":"https:\/\/oreretaikastola.eus\/es\/wp-json\/wp\/v2\/ekitaldia\/48581"}],"collection":[{"href":"https:\/\/oreretaikastola.eus\/es\/wp-json\/wp\/v2\/ekitaldia"}],"about":[{"href":"https:\/\/oreretaikastola.eus\/es\/wp-json\/wp\/v2\/types\/ekitaldia"}],"wp:attachment":[{"href":"https:\/\/oreretaikastola.eus\/es\/wp-json\/wp\/v2\/media?parent=48581"}],"wp:term":[{"taxonomy":"ekitaldi_etiketa","embeddable":true,"href":"https:\/\/oreretaikastola.eus\/es\/wp-json\/wp\/v2\/ekitaldi_etiketa?post=48581"},{"taxonomy":"ekitaldi_kategoria","embeddable":true,"href":"https:\/\/oreretaikastola.eus\/es\/wp-json\/wp\/v2\/ekitaldi_kategoria?post=48581"}],"curies":[{"name":"wp","href":"https:\/\/api.w.org\/{rel}","templated":true}]}}