{"id":46947,"date":"2023-10-25T13:49:12","date_gmt":"2023-10-25T12:49:12","guid":{"rendered":"https:\/\/oreretaikastola.eus\/ekitaldiak\/mari-domingiren-errepublika-magikoa-2023\/"},"modified":"2023-10-25T14:03:01","modified_gmt":"2023-10-25T13:03:01","slug":"mari-domingiren-errepublika-magikoa-2023","status":"publish","type":"ekitaldia","link":"https:\/\/oreretaikastola.eus\/es\/ekitaldiak\/mari-domingiren-errepublika-magikoa-2023\/","title":{"rendered":"Mari Domingiren Errepublika Magikoa"},"content":{"rendered":"\n<p>Este a\u00f1o, la <strong>Rep\u00fablica M\u00e1gica de Mari Domingi <\/strong>estar\u00e1 abierta del 1 al 17 de diciembre, los fines de semana y d\u00edas festivos. El recorrido de las notas musicales perdidas tomar\u00e1 el relevo del de la carta perdida del a\u00f1o pasado. Si se desea ir de visita, se deben comprar las entradas en <a href=\"http:\/\/www.maridomingi.eus\" target=\"_blank\" rel=\"noreferrer noopener\"><strong>www.maridomingi.eus<\/strong><\/a>. Ya se pueden adquirir las entradas. <\/p>\n\n\n\n<p>La <strong>Rep\u00fablica M\u00e1gica de Mari Domingi<\/strong> es una experiencia hechicera que combina las tradiciones de anta\u00f1o de Euskal Herria con el car\u00e1cter, los deseos y los retos de la sociedad actual. El caser\u00edo <strong>A\u00f1abitarte<\/strong> se convierte en la casa de <strong>Mari Domingi<\/strong> y los prados que lo rodean se llenan de magia y duendes.<\/p>\n\n\n\n<p>\u00a1Animaos y animad a las familias y amigos de vuestro alrededora la <strong>Rep\u00fablica M\u00e1gica de Mari Domingi<\/strong>! \u00a1<strong>Mari Domingi<\/strong> os estar\u00e1 esperando para recibir vuestras cartas y ofreceros un poco de caldo caliente!<\/p>\n\n\n\n<figure class=\"wp-block-embed is-type-video is-provider-youtube wp-block-embed-youtube wp-embed-aspect-16-9 wp-has-aspect-ratio\"><div class=\"wp-block-embed__wrapper\">\n<div class=\"youtube-embed responsive-embed widescreen\"><iframe loading=\"lazy\" title=\"Mari Domingiren Errepublika Magikoa\" width=\"500\" height=\"281\" src=\"https:\/\/www.youtube.com\/embed\/Ftasg3_SbRw?feature=oembed\" frameborder=\"0\" allow=\"accelerometer; autoplay; clipboard-write; encrypted-media; gyroscope; picture-in-picture; web-share\" allowfullscreen><\/iframe><\/div>\n<\/div><\/figure>\n","protected":false},"featured_media":31965,"parent":0,"template":"","ekitaldi_etiketa":[213],"ekitaldi_kategoria":[232,153,185],"acf":[],"_links":{"self":[{"href":"https:\/\/oreretaikastola.eus\/es\/wp-json\/wp\/v2\/ekitaldia\/46947"}],"collection":[{"href":"https:\/\/oreretaikastola.eus\/es\/wp-json\/wp\/v2\/ekitaldia"}],"about":[{"href":"https:\/\/oreretaikastola.eus\/es\/wp-json\/wp\/v2\/types\/ekitaldia"}],"wp:featuredmedia":[{"embeddable":true,"href":"https:\/\/oreretaikastola.eus\/es\/wp-json\/wp\/v2\/media\/31965"}],"wp:attachment":[{"href":"https:\/\/oreretaikastola.eus\/es\/wp-json\/wp\/v2\/media?parent=46947"}],"wp:term":[{"taxonomy":"ekitaldi_etiketa","embeddable":true,"href":"https:\/\/oreretaikastola.eus\/es\/wp-json\/wp\/v2\/ekitaldi_etiketa?post=46947"},{"taxonomy":"ekitaldi_kategoria","embeddable":true,"href":"https:\/\/oreretaikastola.eus\/es\/wp-json\/wp\/v2\/ekitaldi_kategoria?post=46947"}],"curies":[{"name":"wp","href":"https:\/\/api.w.org\/{rel}","templated":true}]}}