{"id":36091,"date":"2023-03-13T12:49:07","date_gmt":"2023-03-13T11:49:07","guid":{"rendered":"https:\/\/oreretaikastola.eus\/ekitaldiak\/lh3-dbh4-urdaburu-10-mendi-irteera\/"},"modified":"2023-03-15T11:53:17","modified_gmt":"2023-03-15T10:53:17","slug":"lh3-dbh4-urdaburu-10a-excursion","status":"publish","type":"ekitaldia","link":"https:\/\/oreretaikastola.eus\/es\/ekitaldiak\/lh3-dbh4-urdaburu-10a-excursion\/","title":{"rendered":"[LH3-DBH4] Urdaburu: 10\u00aa excursi\u00f3n"},"content":{"rendered":"\n<p>La d\u00e9cima de las excursiones que la Ikastola organiza durante en curso junto a Urdaburu mendizale elkartea se celebrar\u00e1 el pr\u00f3ximo 26 de marzo. El objetivo del curso 2022-23 es dar la vuelta a Aralar en siete etapas. La del 26 de marzo ser\u00e1 la sexta de ellas; la que recorrer\u00e1 el tramo que va desde Ataun a Lizarrusti.<\/p>\n\n\n\n<p><a href=\"\/app\/uploads\/2023\/03\/Orereta-Ikastola-Urdaburu-Aralar-6.-etapa-Ataun-Lizarrusti.pdf\">Aqu\u00ed dispon\u00e9is de m\u00e1s detalles<\/a>; y abajo ten\u00e9is el formulario de inscripci\u00f3n. El \u00faltimo d\u00eda para apuntarse es el 22 de marzo.<\/p>\n\n\n\n<p>NOTA IMPORTANTE: recordad que en la noche del s\u00e1bado al domingo se cambiar\u00e1 la hora.<\/p>\n\n\n\n<div style=\"height:50px\" aria-hidden=\"true\" class=\"wp-block-spacer\"><\/div>\n\n\n\n<hr class=\"wp-block-separator\"\/>\n\n\n\n\n\n<p><\/p>\n","protected":false},"featured_media":0,"parent":0,"template":"","ekitaldi_etiketa":[],"ekitaldi_kategoria":[232],"acf":[],"_links":{"self":[{"href":"https:\/\/oreretaikastola.eus\/es\/wp-json\/wp\/v2\/ekitaldia\/36091"}],"collection":[{"href":"https:\/\/oreretaikastola.eus\/es\/wp-json\/wp\/v2\/ekitaldia"}],"about":[{"href":"https:\/\/oreretaikastola.eus\/es\/wp-json\/wp\/v2\/types\/ekitaldia"}],"wp:attachment":[{"href":"https:\/\/oreretaikastola.eus\/es\/wp-json\/wp\/v2\/media?parent=36091"}],"wp:term":[{"taxonomy":"ekitaldi_etiketa","embeddable":true,"href":"https:\/\/oreretaikastola.eus\/es\/wp-json\/wp\/v2\/ekitaldi_etiketa?post=36091"},{"taxonomy":"ekitaldi_kategoria","embeddable":true,"href":"https:\/\/oreretaikastola.eus\/es\/wp-json\/wp\/v2\/ekitaldi_kategoria?post=36091"}],"curies":[{"name":"wp","href":"https:\/\/api.w.org\/{rel}","templated":true}]}}