{"id":3083,"date":"2020-09-09T16:20:41","date_gmt":"2020-09-09T16:20:41","guid":{"rendered":"https:\/\/oreretaikastola.eus\/ekitaldiak\/beldurrezko-mikroipuin-lehiaketa\/"},"modified":"2021-10-26T13:56:03","modified_gmt":"2021-10-26T12:56:03","slug":"concurso-cuentos-de-terror","status":"publish","type":"ekitaldia","link":"https:\/\/oreretaikastola.eus\/es\/ekitaldiak\/concurso-cuentos-de-terror\/","title":{"rendered":"III\u00ba Concurso de (micro)cuentos y audiovisuales de terror"},"content":{"rendered":"<div id=\"contentsContainer\">\n<div id=\"contents\">\n<p id=\"E762\"><span id=\"E763\" class=\"qowt-font1-HelveticaNeueLTPro45Lt\"><\/span><strong><span id=\"E764\" class=\"qowt-font1-HelveticaNeueLTPro45Lt\">Hemos organizado un concurso de <\/span><span id=\"E765\" class=\"qowt-font1-HelveticaNeueLTPro45Lt\">(micro)<\/span><span id=\"E766\" class=\"qowt-font1-HelveticaNeueLTPro45Lt\">cuentos y<\/span><span id=\"E767\" class=\"qowt-font1-HelveticaNeueLTPro45Lt\"> audiovisuales de terror con motivo de la <\/span><span id=\"E769\" class=\"qowt-font1-HelveticaNeueLTPro45Lt\">Gau<\/span><span id=\"E771\" class=\"qowt-font1-HelveticaNeueLTPro45Lt\"> <\/span><span id=\"E773\" class=\"qowt-font1-HelveticaNeueLTPro45Lt\">Beltza<\/span><span id=\"E775\" class=\"qowt-font1-HelveticaNeueLTPro45Lt\"> y el D\u00eda del Euskera<\/span><\/strong><span id=\"E776\" class=\"qowt-font1-HelveticaNeueLTPro45Lt\">. P<\/span><span id=\"E777\" class=\"qowt-font1-HelveticaNeueLTPro45Lt\">odr\u00e1n participar <\/span><span id=\"E778\" class=\"qowt-font1-HelveticaNeueLTPro45Lt\">en el mismo las y los alumnos de DBH de cualquier centro educativo del municipio y todos los<\/span><span id=\"E779\" class=\"qowt-font1-HelveticaNeueLTPro45Lt\"> ciudadano<\/span><span id=\"E780\" class=\"qowt-font1-HelveticaNeueLTPro45Lt\">s y ciudadanas de m\u00e1s de 16 a\u00f1os que as\u00ed lo deseen.<\/span><span id=\"E781\" class=\"qowt-font1-HelveticaNeueLTPro45Lt\"> El plazo para presentar los trabajos finaliza el 3 de diciembre. Los nombres de<\/span><span id=\"E782\" class=\"qowt-font1-HelveticaNeueLTPro45Lt\"> las y<\/span><span id=\"E783\" class=\"qowt-font1-HelveticaNeueLTPro45Lt\"> los ganadores se dar\u00e1n a conocer el 21 de diciembre.<\/span><span id=\"E784\" class=\"qowt-font1-HelveticaNeueLTPro45Lt\">\u00a0<\/span><\/p>\n<p><span id=\"E795\" class=\"qowt-font1-HelveticaNeueLTPro45Lt\">\u00a1Os invitamos<\/span><span id=\"E796\" class=\"qowt-font1-HelveticaNeueLTPro45Lt\">\u00a0a participar en el concurso de <\/span><span id=\"E797\" class=\"qowt-font1-HelveticaNeueLTPro45Lt\">(micro)<\/span><span id=\"E798\" class=\"qowt-font1-HelveticaNeueLTPro45Lt\">cuentos y audiovisuales de terror<\/span><span id=\"E799\" class=\"qowt-font1-HelveticaNeueLTPro45Lt\">.\u00a0<\/span><span id=\"E800\" class=\"qowt-font1-HelveticaNeueLTPro45Lt\"> <\/span><span id=\"E808\" class=\"qowt-font1-HelveticaNeueLTPro45Lt\"><\/span><\/p>\n<\/div>\n<\/div>\n<hr \/>\n<h4><strong>III. Concurso de (micro)cuentos y audiovisuales de terror: detalles y bases para participar (en euskera)<\/strong><\/h4>\n<h5 class=\"CjVfdc\"><span class=\" OGiC0d\">LANAK ENTREGATZEKO EPEA: <\/span><\/h5>\n<p class=\"CjVfdc\"><span class=\" OGiC0d\">Urriaren 31tik abenduaren 3ra<\/span><\/p>\n<h5 id=\"h.2rxlycaud00f\" class=\"GV3q8e aP9Z7e\"><span class=\" OGiC0d\">OINARRIAK<\/span><span class=\" OGiC0d\">:<\/span><\/h5>\n<p class=\"CDt4Ke zfr3Q\" dir=\"ltr\">Lan guztiak <strong>euskarazk<\/strong><strong>oak, <\/strong><strong>jatorrizkoak<\/strong> <strong>eta inon argitaratu gabeak<\/strong> izan behar dira.<\/p>\n<ul>\n<li class=\"CDt4Ke zfr3Q\" dir=\"ltr\">Beldurrezko ipuin lehiaketa<\/li>\n<\/ul>\n<ol>\n<li style=\"list-style-type: none;\">\n<ol class=\"n8H08c BKnRcf\">\n<li class=\"TYR86d zfr3Q\" dir=\"ltr\">\n<p class=\"CDt4Ke zfr3Q\" dir=\"ltr\"><strong>Parte-hartzaileak<\/strong>: DBHko ikasleak (DBH1-2: A kategoria \/ DBH3-4: B kategoria)<\/p>\n<\/li>\n<li class=\"TYR86d zfr3Q\" dir=\"ltr\">\n<p class=\"CDt4Ke zfr3Q\" dir=\"ltr\">Lanak <strong>e<\/strong><strong>uskaraz eta ordenagailuz<\/strong> idatzi behar dira (Arial 11; 1,5eko lerroartea; izenburua hasieran eta erdian; 2 orrialde gehienez).<\/p>\n<\/li>\n<li class=\"TYR86d zfr3Q\" dir=\"ltr\">\n<p class=\"CDt4Ke zfr3Q\" dir=\"ltr\">Lanak <strong>beldurrezkoipuinak@oreretaikastola.eus<\/strong> helbidera bidali behar dira. GAIAn \u201cIpuina X kategoria\u201d jarri behar da.<\/p>\n<\/li>\n<li class=\"TYR86d zfr3Q\" dir=\"ltr\">\n<p class=\"CDt4Ke zfr3Q\" dir=\"ltr\">Mezu elektronikoan <strong>bi artxibo <\/strong><strong>erantsi<\/strong> behar dira:<\/p>\n<\/li>\n<\/ol>\n<\/li>\n<\/ol>\n<ul>\n<li style=\"list-style-type: none;\">\n<ul>\n<li style=\"list-style-type: none;\">\n<ul class=\"n8H08c UVNKR\">\n<li class=\"TYR86d zfr3Q\" dir=\"ltr\">\n<p class=\"CDt4Ke zfr3Q\" dir=\"ltr\">1. artxiboa: <strong>idazlanaren izenburua:<\/strong><\/p>\n<ul class=\"n8H08c UVNKR\">\n<li class=\"TYR86d zfr3Q\" dir=\"ltr\">\n<p class=\"CDt4Ke zfr3Q\" dir=\"ltr\">Barnean: idazlanaren izenburua, idazlana bera, egilearen izengoitia eta ikastetxearen izena.<\/p>\n<\/li>\n<\/ul>\n<\/li>\n<li class=\"TYR86d zfr3Q\" dir=\"ltr\">\n<p class=\"CDt4Ke zfr3Q\" dir=\"ltr\">2. artxiboa: <strong>egilearen izengoitia:<\/strong><\/p>\n<ul class=\"n8H08c UVNKR\">\n<li class=\"TYR86d zfr3Q\" dir=\"ltr\">\n<p class=\"CDt4Ke zfr3Q\" dir=\"ltr\">Barnean: idazlanaren izenburua eta egilearen datuak (izen-abizenak, posta elektronikoa eta izengoitia).<\/p>\n<\/li>\n<\/ul>\n<\/li>\n<\/ul>\n<\/li>\n<\/ul>\n<\/li>\n<li class=\"CDt4Ke zfr3Q\" dir=\"ltr\">Beldurrezko mikro-ipuin lehiaketa\n<ol class=\"n8H08c BKnRcf\">\n<li class=\"TYR86d zfr3Q\" dir=\"ltr\">\n<p class=\"CDt4Ke zfr3Q\" dir=\"ltr\"><strong>Parte-hartzaileak<\/strong>: 16 urtetik gorako edonor<\/p>\n<\/li>\n<li class=\"TYR86d zfr3Q\" dir=\"ltr\">\n<p class=\"CDt4Ke zfr3Q\" dir=\"ltr\">Lanak <strong>e<\/strong><strong>uskaraz eta ordenagailuz<\/strong> idatzi behar dira (Arial 11; 1,5eko lerroartea; izenburua hasieran eta erdian; 150 hitz gehienez).<\/p>\n<\/li>\n<li class=\"TYR86d zfr3Q\" dir=\"ltr\">\n<p class=\"CDt4Ke zfr3Q\" dir=\"ltr\">Lanak <strong>beldurrezkoipuinak@oreretaikastola.eus<\/strong> helbidera bidali behar dira. GAIAn \u201cMikro-ipuina\u201d jarri behar da.<\/p>\n<\/li>\n<li class=\"TYR86d zfr3Q\" dir=\"ltr\">\n<p class=\"CDt4Ke zfr3Q\" dir=\"ltr\">Mezu elektronikoan <strong>bi artxibo <\/strong><strong>erantsi <\/strong>behar dira:<\/p>\n<\/li>\n<\/ol>\n<\/li>\n<\/ul>\n<ul>\n<li style=\"list-style-type: none;\">\n<ul>\n<li style=\"list-style-type: none;\">\n<ul class=\"n8H08c UVNKR\">\n<li class=\"TYR86d zfr3Q\" dir=\"ltr\">\n<p class=\"CDt4Ke zfr3Q\" dir=\"ltr\">1. artxiboa: <strong>idazlanaren izenburua:<\/strong><\/p>\n<ul class=\"n8H08c UVNKR\">\n<li class=\"TYR86d zfr3Q\" dir=\"ltr\">\n<p class=\"CDt4Ke zfr3Q\" dir=\"ltr\">Barnean: idazlanaren izenburua, idazlana bera eta egilearen izengoitia.<\/p>\n<\/li>\n<\/ul>\n<\/li>\n<li class=\"TYR86d zfr3Q\" dir=\"ltr\">\n<p class=\"CDt4Ke zfr3Q\" dir=\"ltr\">2. artxiboa: <strong>egilearen izengoitia:<\/strong><\/p>\n<ul class=\"n8H08c UVNKR\">\n<li class=\"TYR86d zfr3Q\" dir=\"ltr\">\n<p class=\"CDt4Ke zfr3Q\" dir=\"ltr\">Barnean: idazlanaren izenburua eta egilearen datuak (izen-abizenak, posta elektronikoa eta izengoitia).<\/p>\n<\/li>\n<\/ul>\n<\/li>\n<\/ul>\n<\/li>\n<\/ul>\n<\/li>\n<li class=\"CDt4Ke zfr3Q\" dir=\"ltr\">Beldurrezko ikus-entzunezkoen lehiaketa<\/li>\n<\/ul>\n<ol>\n<li style=\"list-style-type: none;\">\n<ol class=\"n8H08c BKnRcf\">\n<li class=\"TYR86d zfr3Q\" dir=\"ltr\">\n<p class=\"CDt4Ke zfr3Q\" dir=\"ltr\"><strong>Parte-hartzaileak<\/strong>: DBHko ikasleak (DBH1-2: A kategoria \/ DBH3-4: B kategoria) eta 16 urtetik gorako pertsonak (C kategoria)<\/p>\n<\/li>\n<li class=\"TYR86d zfr3Q\" dir=\"ltr\">\n<p class=\"CDt4Ke zfr3Q\" dir=\"ltr\">Lanak <strong>e<\/strong><strong>uskaraz eta .mp4 formatuan<\/strong> (3 minutu gehienez) entregatu behar dira.<\/p>\n<\/li>\n<li class=\"TYR86d zfr3Q\" dir=\"ltr\">\n<p class=\"CDt4Ke zfr3Q\" dir=\"ltr\">Lanak <strong>beldurrezkoipuinak@oreretaikastola.eus<\/strong> helbidera bidali behar dira. GAIAn \u201cIkus-entzunezkoa X kategoria\u201d jarri behar da.<\/p>\n<\/li>\n<li class=\"TYR86d zfr3Q\" dir=\"ltr\">\n<p class=\"CDt4Ke zfr3Q\" dir=\"ltr\">Mezu elektronikoan <strong>hiru artxibo <\/strong><strong>erantsi<\/strong> behar dira:<\/p>\n<\/li>\n<\/ol>\n<\/li>\n<\/ol>\n<ul>\n<li style=\"list-style-type: none;\">\n<ul>\n<li style=\"list-style-type: none;\">\n<ul class=\"n8H08c UVNKR\">\n<li class=\"TYR86d zfr3Q\" dir=\"ltr\">\n<p class=\"CDt4Ke zfr3Q\" dir=\"ltr\">1. artxiboa: <strong>ikus-entzunezkoaren izenburua:<\/strong><\/p>\n<ul class=\"n8H08c UVNKR\">\n<li class=\"TYR86d zfr3Q\" dir=\"ltr\">\n<p class=\"CDt4Ke zfr3Q\" dir=\"ltr\">Barnean: ikus-entzunezkoaren izenburua, egilearen izengoitia eta Ikastetxearen izena (azken datu hori, DBHko ikasleek bakarrik jarri behar dute)<\/p>\n<\/li>\n<\/ul>\n<\/li>\n<li class=\"TYR86d zfr3Q\" dir=\"ltr\">\n<p class=\"CDt4Ke zfr3Q\" dir=\"ltr\">2. artxiboa: <strong>egilearen izengoitia:<\/strong><\/p>\n<ul class=\"n8H08c UVNKR\">\n<li class=\"TYR86d zfr3Q\" dir=\"ltr\">\n<p class=\"CDt4Ke zfr3Q\" dir=\"ltr\">Barnean: ikus-entzunezkoaren izenburua eta egilearen datuak (izen-abizenak, posta elektronikoa eta izengoitia).<\/p>\n<\/li>\n<\/ul>\n<\/li>\n<li class=\"TYR86d zfr3Q\" dir=\"ltr\">\n<p class=\"CDt4Ke zfr3Q\" dir=\"ltr\">3. artxiboa: <strong>ikus entzunezkoa bera:<\/strong><\/p>\n<ul class=\"n8H08c UVNKR\">\n<li class=\"TYR86d zfr3Q\" dir=\"ltr\">\n<p class=\"CDt4Ke zfr3Q\" dir=\"ltr\">Ikus-entzunezkoaren hasieran izenburuak agertu beharko du, baina ezingo da egilearen daturik agertu.<\/p>\n<\/li>\n<\/ul>\n<\/li>\n<\/ul>\n<\/li>\n<\/ul>\n<\/li>\n<\/ul>\n<h5 id=\"h.32hx1pmxldsv\" class=\"GV3q8e aP9Z7e\">SARIAK:<\/h5>\n<p class=\"CDt4Ke zfr3Q\" dir=\"ltr\"><strong>Abenduaren 18an<\/strong> jakinaraziko dira irabazleen izenak.<\/p>\n","protected":false},"featured_media":3128,"parent":0,"template":"","ekitaldi_etiketa":[159,158],"ekitaldi_kategoria":[153],"acf":[],"_links":{"self":[{"href":"https:\/\/oreretaikastola.eus\/es\/wp-json\/wp\/v2\/ekitaldia\/3083"}],"collection":[{"href":"https:\/\/oreretaikastola.eus\/es\/wp-json\/wp\/v2\/ekitaldia"}],"about":[{"href":"https:\/\/oreretaikastola.eus\/es\/wp-json\/wp\/v2\/types\/ekitaldia"}],"wp:featuredmedia":[{"embeddable":true,"href":"https:\/\/oreretaikastola.eus\/es\/wp-json\/wp\/v2\/media\/3128"}],"wp:attachment":[{"href":"https:\/\/oreretaikastola.eus\/es\/wp-json\/wp\/v2\/media?parent=3083"}],"wp:term":[{"taxonomy":"ekitaldi_etiketa","embeddable":true,"href":"https:\/\/oreretaikastola.eus\/es\/wp-json\/wp\/v2\/ekitaldi_etiketa?post=3083"},{"taxonomy":"ekitaldi_kategoria","embeddable":true,"href":"https:\/\/oreretaikastola.eus\/es\/wp-json\/wp\/v2\/ekitaldi_kategoria?post=3083"}],"curies":[{"name":"wp","href":"https:\/\/api.w.org\/{rel}","templated":true}]}}