{"id":26226,"date":"2022-06-08T10:43:08","date_gmt":"2022-06-08T09:43:08","guid":{"rendered":"https:\/\/oreretaikastola.eus\/?post_type=ekitaldia&#038;p=26226"},"modified":"2022-06-08T10:43:16","modified_gmt":"2022-06-08T09:43:16","slug":"tercera-sesion-para-fomentar-la-participacion-de-las-familias","status":"publish","type":"ekitaldia","link":"https:\/\/oreretaikastola.eus\/es\/ekitaldiak\/tercera-sesion-para-fomentar-la-participacion-de-las-familias\/","title":{"rendered":"Tercera sesi\u00f3n para fomentar la participaci\u00f3n de las familias"},"content":{"rendered":"\n<p>El 6 de abril y el 12 de mayo, con el objetivo de fomentar la participaci\u00f3n de las familias, realizamos varias sesiones junto con una dinamizadora de la Diputaci\u00f3n Foral de Gipuzkoa. Como continuaci\u00f3n, para dar el tercer paso, nos reuniremos de nuevo el 14 de junio a las 17:30 en el patio de Lino. Para asistir a esta nueva sesi\u00f3n, es necesario inscribirse en el siguiente formulario: <\/p>\n\n\n\n\n\n<p>En esta tercera sesi\u00f3n, se har\u00e1 la devoluci\u00f3n de las sesiones anteriores. Adem\u00e1s, se dise\u00f1ar\u00e1 un plan de actuaci\u00f3n y un cronograma.<\/p>\n\n\n\n<p>Las familias que no pudisteis venir a las sesiones anteriores, est\u00e1is nuevamente invitadas a esta segunda.<\/p>\n","protected":false},"featured_media":0,"parent":0,"template":"","ekitaldi_etiketa":[],"ekitaldi_kategoria":[153],"acf":[],"_links":{"self":[{"href":"https:\/\/oreretaikastola.eus\/es\/wp-json\/wp\/v2\/ekitaldia\/26226"}],"collection":[{"href":"https:\/\/oreretaikastola.eus\/es\/wp-json\/wp\/v2\/ekitaldia"}],"about":[{"href":"https:\/\/oreretaikastola.eus\/es\/wp-json\/wp\/v2\/types\/ekitaldia"}],"wp:attachment":[{"href":"https:\/\/oreretaikastola.eus\/es\/wp-json\/wp\/v2\/media?parent=26226"}],"wp:term":[{"taxonomy":"ekitaldi_etiketa","embeddable":true,"href":"https:\/\/oreretaikastola.eus\/es\/wp-json\/wp\/v2\/ekitaldi_etiketa?post=26226"},{"taxonomy":"ekitaldi_kategoria","embeddable":true,"href":"https:\/\/oreretaikastola.eus\/es\/wp-json\/wp\/v2\/ekitaldi_kategoria?post=26226"}],"curies":[{"name":"wp","href":"https:\/\/api.w.org\/{rel}","templated":true}]}}