{"id":22615,"date":"2022-03-04T11:04:24","date_gmt":"2022-03-04T10:04:24","guid":{"rendered":"https:\/\/oreretaikastola.eus\/?post_type=ekitaldia&#038;p=22615"},"modified":"2022-03-04T11:04:49","modified_gmt":"2022-03-04T10:04:49","slug":"dia-para-limpiar-la-baso-eskola","status":"publish","type":"ekitaldia","link":"https:\/\/oreretaikastola.eus\/es\/ekitaldiak\/dia-para-limpiar-la-baso-eskola\/","title":{"rendered":"D\u00eda para limpiar la Baso-eskola"},"content":{"rendered":"\n<div class=\"wp-block-columns is-layout-flex wp-container-5 wp-block-columns-is-layout-flex\">\n<div class=\"wp-block-column is-layout-flow wp-block-column-is-layout-flow\">\n<figure class=\"wp-block-gallery columns-1 is-cropped wp-block-gallery-1 is-layout-flex wp-block-gallery-is-layout-flex\"><ul class=\"blocks-gallery-grid\"><li class=\"blocks-gallery-item\"><figure><img decoding=\"async\" loading=\"lazy\" width=\"724\" height=\"1024\" src=\"\/app\/uploads\/2022\/03\/Basoaren_garbiketa-724x1024.jpg\" alt=\"\" data-id=\"22611\" data-full-url=\"\/app\/uploads\/2022\/03\/Basoaren_garbiketa.jpg\" data-link=\"https:\/\/oreretaikastola.eus\/es\/?attachment_id=22611\" class=\"wp-image-22611\" srcset=\"\/app\/uploads\/2022\/03\/Basoaren_garbiketa-724x1024.jpg 724w, \/app\/uploads\/2022\/03\/Basoaren_garbiketa-212x300.jpg 212w, \/app\/uploads\/2022\/03\/Basoaren_garbiketa-768x1086.jpg 768w, \/app\/uploads\/2022\/03\/Basoaren_garbiketa-1086x1536.jpg 1086w, \/app\/uploads\/2022\/03\/Basoaren_garbiketa.jpg 1241w\" sizes=\"(max-width: 724px) 100vw, 724px\" \/><\/figure><\/li><\/ul><\/figure>\n<\/div>\n\n\n\n<div class=\"wp-block-column is-layout-flow wp-block-column-is-layout-flow\">\n<p>El 21 de marzo es el D\u00eda Internacional de los Bosques, un d\u00eda para concienciar sobre la importancia vital de los bosques en la vida de las personas y del Planeta. Orereta Ikastola coincide con esta afirmaci\u00f3n en el d\u00eda a d\u00eda, por lo que el 20 de marzo os invita a las familias a limpiar la Baso-eskola. En un ambiente estupendo y colaborativo se podr\u00e1 sacar la basura que se ha ido acumulando a lo largo de los a\u00f1os, conocer el bosque y disfrutar del entorno.<\/p>\n<\/div>\n<\/div>\n\n\n\n<p>Se recomienda traer ropa y calzado adecuado, as\u00ed como guantes para la recogida de residuos.<\/p>\n\n\n\n<p>La convocatoria ser\u00e1 de 11:00 a 13:00 horas. En el Baserri, la Ikastola ofrecer\u00e1 hamaiketako.<\/p>\n\n\n\n<p>Desde la Ikastola os animamos a inscribiros. Para ello ten\u00e9is que rellenar el siguiente formulario (hay que hacer una inscripci\u00f3n por persona que vaya a venir):<\/p>\n\n\n","protected":false},"featured_media":0,"parent":0,"template":"","ekitaldi_etiketa":[],"ekitaldi_kategoria":[153],"acf":[],"_links":{"self":[{"href":"https:\/\/oreretaikastola.eus\/es\/wp-json\/wp\/v2\/ekitaldia\/22615"}],"collection":[{"href":"https:\/\/oreretaikastola.eus\/es\/wp-json\/wp\/v2\/ekitaldia"}],"about":[{"href":"https:\/\/oreretaikastola.eus\/es\/wp-json\/wp\/v2\/types\/ekitaldia"}],"wp:attachment":[{"href":"https:\/\/oreretaikastola.eus\/es\/wp-json\/wp\/v2\/media?parent=22615"}],"wp:term":[{"taxonomy":"ekitaldi_etiketa","embeddable":true,"href":"https:\/\/oreretaikastola.eus\/es\/wp-json\/wp\/v2\/ekitaldi_etiketa?post=22615"},{"taxonomy":"ekitaldi_kategoria","embeddable":true,"href":"https:\/\/oreretaikastola.eus\/es\/wp-json\/wp\/v2\/ekitaldi_kategoria?post=22615"}],"curies":[{"name":"wp","href":"https:\/\/api.w.org\/{rel}","templated":true}]}}