{"id":21429,"date":"2022-01-04T20:53:19","date_gmt":"2022-01-04T19:53:19","guid":{"rendered":"https:\/\/oreretaikastola.eus\/?post_type=ekitaldia&#038;p=21429"},"modified":"2022-02-11T16:08:59","modified_gmt":"2022-02-11T15:08:59","slug":"sesiones-de-musicoterapia-para-ninos-y-ninas-de-2-anos","status":"publish","type":"ekitaldia","link":"https:\/\/oreretaikastola.eus\/es\/ekitaldiak\/sesiones-de-musicoterapia-para-ninos-y-ninas-de-2-anos\/","title":{"rendered":"Sesi\u00f3n de Musicoterapia para ni\u00f1os y ni\u00f1as de 2 a\u00f1os"},"content":{"rendered":"\n<figure class=\"wp-block-gallery columns-1 is-cropped wp-block-gallery-1 is-layout-flex wp-block-gallery-is-layout-flex\"><ul class=\"blocks-gallery-grid\"><li class=\"blocks-gallery-item\"><figure><img decoding=\"async\" loading=\"lazy\" width=\"1024\" height=\"683\" src=\"\/app\/uploads\/2022\/01\/Musikoterapia_Mujika-1-1024x683.jpg\" alt=\"\" data-id=\"21430\" data-full-url=\"\/app\/uploads\/2022\/01\/Musikoterapia_Mujika-1-scaled.jpg\" data-link=\"https:\/\/oreretaikastola.eus\/?attachment_id=21430\" class=\"wp-image-21430\" srcset=\"\/app\/uploads\/2022\/01\/Musikoterapia_Mujika-1-1024x683.jpg 1024w, \/app\/uploads\/2022\/01\/Musikoterapia_Mujika-1-300x200.jpg 300w, \/app\/uploads\/2022\/01\/Musikoterapia_Mujika-1-768x512.jpg 768w, \/app\/uploads\/2022\/01\/Musikoterapia_Mujika-1-1536x1024.jpg 1536w, \/app\/uploads\/2022\/01\/Musikoterapia_Mujika-1-2048x1365.jpg 2048w, \/app\/uploads\/2022\/01\/Musikoterapia_Mujika-1-1320x880.jpg 1320w\" sizes=\"(max-width: 1024px) 100vw, 1024px\" \/><\/figure><\/li><\/ul><\/figure>\n\n\n\n<p>Los beneficios de la m\u00fasica tanto para los y las ni\u00f1as como para adultos son bien conocidos. En el proceso educativo de los m\u00e1s peque\u00f1os aporta numerosas ventajas. Por ello, y con el objetivo de sumergirse en la actividad, <strong>Orereta Ikastola ha organizado una sesi\u00f3n sobre esta terapia para el pr\u00f3ximo 18 de febrero, a las 17:00<\/strong>. <\/p>\n\n\n\n<p>Esta sesi\u00f3n est\u00e1 dirigida a ni\u00f1os y ni\u00f1as nacidas en 2020 y a sus padres o madres o tutores legales. El aforo es limitado: 20 personas (10 ni\u00f1os o ni\u00f1as y 10 adultos o adultas).<\/p>\n\n\n\n<p>Es sabido que, tanto con todas las terapias como con la musicoterapia, para obtener estos beneficios habr\u00eda que hacer un trabajo continuo y en este caso, <strong>una sesi\u00f3n familiar de 45 minutos en la que podr\u00e1n disfrutar de la experiencia.<\/strong><\/p>\n\n\n\n<p>Ap\u00fantate en el siguiente formulario:<\/p>\n\n\n\n\n\n<p><strong>\u00bfQu\u00e9 es la Musicoterapia?<\/strong><br>Seg\u00fan la Federaci\u00f3n Mundial de Musicoterapeutas (WFMT), la musicoterapia es el uso de la m\u00fasica y sus elementos (sonido, ritmo, melod\u00eda y armon\u00edas), a trav\u00e9s de terapeuta musical cualificada y dirigida a una persona o grupo.<\/p>\n\n\n\n<p>Fomenta la participaci\u00f3n en un proceso relacionado con la comunicaci\u00f3n, la relaci\u00f3n, el aprendizaje, el movimiento, la expresi\u00f3n y otros objetivos terap\u00e9uticos relevantes, con el fin de satisfacer las necesidades mentales, f\u00edsicas, emocionales, sociales y cognitivas.<\/p>\n\n\n\n<p>A trav\u00e9s de la musicoterapia, la parte cognitiva, social, emocional y infantil<br>contribuimos al desarrollo de la motriz. Adem\u00e1s, contribuimos en el desarrollo de las capacidades intr\u00ednsecas del ni\u00f1o o ni\u00f1a y a reforzar sus bases de identidad.<\/p>\n\n\n\n<p>Los beneficios de la Musicoterapia ser\u00edan:<br>\u2013 Refuerzo de las funciones cognitivas.<br>\u2013 Favorece los problemas emocionales.<br>\u2013 Fortalece la expresi\u00f3n corporal.<br>\u2013 Favorece la socializaci\u00f3n.<br>\u2013 Contribuye al desarrollo del cerebro.<\/p>\n","protected":false},"featured_media":0,"parent":0,"template":"","ekitaldi_etiketa":[],"ekitaldi_kategoria":[187],"acf":[],"_links":{"self":[{"href":"https:\/\/oreretaikastola.eus\/es\/wp-json\/wp\/v2\/ekitaldia\/21429"}],"collection":[{"href":"https:\/\/oreretaikastola.eus\/es\/wp-json\/wp\/v2\/ekitaldia"}],"about":[{"href":"https:\/\/oreretaikastola.eus\/es\/wp-json\/wp\/v2\/types\/ekitaldia"}],"wp:attachment":[{"href":"https:\/\/oreretaikastola.eus\/es\/wp-json\/wp\/v2\/media?parent=21429"}],"wp:term":[{"taxonomy":"ekitaldi_etiketa","embeddable":true,"href":"https:\/\/oreretaikastola.eus\/es\/wp-json\/wp\/v2\/ekitaldi_etiketa?post=21429"},{"taxonomy":"ekitaldi_kategoria","embeddable":true,"href":"https:\/\/oreretaikastola.eus\/es\/wp-json\/wp\/v2\/ekitaldi_kategoria?post=21429"}],"curies":[{"name":"wp","href":"https:\/\/api.w.org\/{rel}","templated":true}]}}